{"id":3,"date":"2018-11-17T15:19:44","date_gmt":"2018-11-17T14:19:44","guid":{"rendered":"https:\/\/www.buchingerkuduz.com\/blog\/?page_id=3"},"modified":"2023-08-10T22:50:47","modified_gmt":"2023-08-10T20:50:47","slug":"datenschutzerklaerung","status":"publish","type":"page","link":"https:\/\/www.buchingerkuduz.com\/blog\/datenschutzerklaerung\/","title":{"rendered":"Datenschutzerkl\u00e4rung"},"content":{"rendered":"<h2>Datenschutzerkl\u00e4rung<\/h2>\n<p>Der Schutz Ihrer pers\u00f6nlichen Daten liegt uns am Herzen. Diese Datenschutzerkl\u00e4rung kl\u00e4rt Sie daher \u00fcber die Art, den Umfang und Zweck der Verarbeitung von personenbezogenen Daten (nachfolgend kurz \u201eDaten\u201c) innerhalb unseres Onlineangebotes und der mit ihm verbundenen Webseiten, Funktionen und Inhalte sowie externen Onlinepr\u00e4senzen, wie z.B. unsere Social Media Profile, auf. All diese werden nachfolgend gemeinsam als \u201eOnlineangebot\u201c bezeichnet. Im Hinblick auf die verwendeten Begrifflichkeiten, wie z.B. \u201cVerarbeitung\u201d oder \u201cVerantwortlicher\u201d verweisen wir auf die Definitionen im Art. 4 der Datenschutzgrundverordnung (DSGVO). Zur besseren Lesbarkeit verwenden wir nachfolgend die m\u00e4nnliche Schreibform, selbstverst\u00e4ndlich sind alle anderen Formen damit mitgemeint.<\/p>\n<p><strong>Datenschutz allgemein<\/strong><\/p>\n<p>Wir, als Betreiber dieser Webseite, nehmen den Schutz Ihrer pers\u00f6nlichen Daten sehr ernst. Wir behandeln Ihre personenbezogenen Daten vertraulich und entsprechend der gesetzlichen Datenschutzvorschriften (DSGVO und TKG) sowie dieser Datenschutzerkl\u00e4rung. Wir weisen darauf hin, dass die Daten\u00fcbertragung im Internet Sicherheitsl\u00fccken aufweisen kann. Ein l\u00fcckenloser Schutz der Daten vor dem Zugriff durch Dritte ist nicht m\u00f6glich.<\/p>\n<p><strong>Verantwortlicher f\u00fcr die Datenverarbeitung auf dieser Webseite\u00a0<\/strong><\/p>\n<p>Dr. Mario Buchinger<br \/>\nBuchinger|Kuduz<br \/>\nWeidach 364h<br \/>\n6105 Leutasch<\/p>\n<p>Bitte wenden Sie sich bei Fragen per Email an:<br \/>\noffice [at] buchingerkuduz.com<\/p>\n<p>Impressum:\u00a0<a href=\"http:\/\/www.buchingerkuduz.com\/blog\/impressum\/\"><u>http:\/\/www.buchingerkuduz.com\/blog\/impressum\/<\/u><\/a><\/p>\n<p><strong>Arten der verarbeiteten Daten<\/strong><\/p>\n<p>\u2013 Kontaktdaten (z.B. Name, Adresse, E-Mail)<br \/>\n\u2013 Inhaltsdaten (z.B. Texteingaben)<br \/>\n\u2013 Meta-\/Kommunikationsdaten (z.B. Ger\u00e4te-Informationen, IP-Adressen)<\/p>\n<p><strong>Kategorien betroffener Personen<\/strong><\/p>\n<p>Besucher und Nutzer des Onlineangebotes. Nachfolgend bezeichnen wir die betroffenen Personen zusammenfassend auch als \u201eNutzer\u201c.<\/p>\n<p><strong>Zwecke der Verarbeitung<\/strong><\/p>\n<p>\u2013 Zurverf\u00fcgungstellen des Onlineangebots, seiner Funktionen und Inhalte<br \/>\n\u2013 Beantworten von Kontaktanfragen und Kommunikation mit Nutzern<br \/>\n\u2013 Sicherheitsma\u00dfnahmen<\/p>\n<div class=\"elementor-element elementor-element-432bf45 jltma-glass-effect-no elementor-widget elementor-widget-text-editor\" data-id=\"432bf45\" data-element_type=\"widget\" data-widget_type=\"text-editor.default\">\n<div class=\"elementor-widget-container\">\n<div class=\"elementor-text-editor elementor-clearfix\">\n<p><strong>Sicherheitsma\u00dfnahmen<\/strong><\/p>\n<p align=\"justify\">Wir treffen nach Ma\u00dfgabe des Art. 32 DSGVO unter Ber\u00fccksichtigung des Stands der Technik, der Implementierungskosten und der Art, des Umfangs, der Umst\u00e4nde und der Zwecke der Verarbeitung sowie der unterschiedlichen Eintrittswahrscheinlichkeit und Schwere des Risikos f\u00fcr die Rechte und Freiheiten nat\u00fcrlicher Personen, geeignete technische und organisatorische Ma\u00dfnahmen, um ein dem Risiko angemessenes Schutzniveau zu gew\u00e4hrleisten.<\/p>\n<p align=\"justify\">Zu den Ma\u00dfnahmen geh\u00f6ren insbesondere die Sicherung der Vertraulichkeit, Integrit\u00e4t und Verf\u00fcgbarkeit von Daten durch Kontrolle des physischen Zugangs zu den Daten, als auch des sie betreffenden Zugriffs, der Eingabe, Weitergabe, der Sicherung der Verf\u00fcgbarkeit und ihrer Trennung. Des Weiteren haben wir Verfahren eingerichtet, die eine Wahrnehmung von Betroffenenrechten, L\u00f6schung von Daten und Reaktion auf Gef\u00e4hrdung der Daten gew\u00e4hrleisten. Ferner ber\u00fccksichtigen wir den Schutz personenbezogener Daten bereits bei der Entwicklung, bzw. Auswahl von Hardware, Software sowie Verfahren, entsprechend dem Prinzip des Datenschutzes durch Technikgestaltung und durch datenschutzfreundliche Voreinstellungen (Art. 25 DSGVO).<\/p>\n<\/div>\n<\/div>\n<\/div>\n<div class=\"elementor-element elementor-element-1432252 elementor-widget-divider--view-line jltma-glass-effect-no elementor-widget elementor-widget-divider\" data-id=\"1432252\" data-element_type=\"widget\" data-widget_type=\"divider.default\">\n<div class=\"elementor-widget-container\">\n<div class=\"elementor-divider\"><\/div>\n<\/div>\n<\/div>\n<div class=\"elementor-element elementor-element-7626dea jltma-glass-effect-no elementor-widget elementor-widget-text-editor\" data-id=\"7626dea\" data-element_type=\"widget\" data-widget_type=\"text-editor.default\">\n<div class=\"elementor-widget-container\">\n<div class=\"elementor-text-editor elementor-clearfix\">\n<div class=\"page\" title=\"Page 2\">\n<div class=\"layoutArea\">\n<div title=\"Page 2\">\n<p><strong>Zusammenarbeit mit Auftragsverarbeitern und Dritten<\/strong><\/p>\n<p align=\"justify\">Sofern wir im Rahmen unserer Verarbeitung Daten gegen\u00fcber anderen Personen und Unternehmen (Auftragsverarbeitern oder Dritten) offenbaren, sie an diese \u00fcbermitteln oder ihnen sonst Zugriff auf die Daten gew\u00e4hren, erfolgt dies nur auf Grundlage einer gesetzlichen Erlaubnis (z.B. wenn eine \u00dcbermittlung der Daten an Dritte gem. Art. 6 Abs. 1 lit. b DSGVO zur Vertragserf\u00fcllung erforderlich ist), Sie eingewilligt haben, eine rechtliche Verpflichtung dies vorsieht oder auf Grundlage unserer berechtigten Interessen (z.B. beim Einsatz von Beauftragten, Webhostern, etc.).<\/p>\n<p align=\"justify\">Sofern wir Dritte mit der Verarbeitung von Daten auf Grundlage eines sog. \u201eAuftragsverarbeitungsvertrages\u201c beauftragen, geschieht dies auf Grundlage des Art. 28 DSGVO.<\/p>\n<\/div>\n<\/div>\n<\/div>\n<\/div>\n<\/div>\n<\/div>\n<div class=\"elementor-element elementor-element-72b83e6 elementor-widget-divider--view-line jltma-glass-effect-no elementor-widget elementor-widget-divider\" data-id=\"72b83e6\" data-element_type=\"widget\" data-widget_type=\"divider.default\">\n<div class=\"elementor-widget-container\">\n<div class=\"elementor-divider\"><\/div>\n<\/div>\n<\/div>\n<div class=\"elementor-element elementor-element-58eb20d jltma-glass-effect-no elementor-widget elementor-widget-text-editor\" data-id=\"58eb20d\" data-element_type=\"widget\" data-widget_type=\"text-editor.default\">\n<div class=\"elementor-widget-container\">\n<div class=\"elementor-text-editor elementor-clearfix\">\n<p><strong>Hinweis zur \u00dcbermittlung von Daten in die USA und sonstige Drittl\u00e4nder<\/strong><\/p>\n<p align=\"justify\">Wir arbeiten grunds\u00e4tzlich mit Anbietern aus der Europ\u00e4ischen Union zusammen. Wenn im Ausnahmefall Tools von Unternehmen mit Sitz in den USA oder sonstigen datenschutzrechtlich nicht sicheren Drittstaaten verwendet werden, sind diese per Grundeinstellung (default) deaktiviert. Um die Services nutzen zu k\u00f6nnen, m\u00fcssen Sie diesen aktiv zustimmen.<\/p>\n<p align=\"justify\">Wenn diese Tools aktiv sind, k\u00f6nnen Ihre personenbezogene Daten in diese Drittstaaten \u00fcbertragen und dort verarbeitet werden. Wir weisen darauf hin, dass in diesen L\u00e4ndern kein mit der EU vergleichbares Datenschutzniveau garantiert werden kann. Beispielsweise sind US-Unternehmen dazu verpflichtet, personenbezogene Daten an Sicherheitsbeh\u00f6rden herauszugeben, ohne dass Sie als Betroffener hiergegen gerichtlich vorgehen k\u00f6nnten. Es kann daher nicht ausgeschlossen werden, dass US-Beh\u00f6rden (z. B. Geheimdienste) Ihre auf US-Servern befindlichen Daten zu \u00dcberwachungszwecken verarbeiten, auswerten und dauerhaft speichern. Wir haben auf diese Verarbeitungst\u00e4tigkeiten keinen Einfluss.<\/p>\n<\/div>\n<\/div>\n<\/div>\n<div class=\"elementor-element elementor-element-c792e33 elementor-widget-divider--view-line jltma-glass-effect-no elementor-widget elementor-widget-divider\" data-id=\"c792e33\" data-element_type=\"widget\" data-widget_type=\"divider.default\">\n<div class=\"elementor-widget-container\">\n<div class=\"elementor-divider\"><\/div>\n<\/div>\n<\/div>\n<div class=\"elementor-element elementor-element-33ba78b jltma-glass-effect-no elementor-widget elementor-widget-text-editor\" data-id=\"33ba78b\" data-element_type=\"widget\" data-widget_type=\"text-editor.default\">\n<div class=\"elementor-widget-container\">\n<div class=\"elementor-text-editor elementor-clearfix\">\n<p><strong>Rechte der betroffenen Personen<\/strong><\/p>\n<p align=\"justify\">Sie haben das Recht, eine Best\u00e4tigung dar\u00fcber zu verlangen, ob betreffende Daten verarbeitet werden und auf Auskunft \u00fcber diese Daten sowie auf weitere Informationen und Kopie der Daten entsprechend Art. 15 DSGVO.<\/p>\n<p align=\"justify\">Sie haben entsprechend Art. 16 DSGVO das Recht, die Vervollst\u00e4ndigung der Sie betreffenden Daten oder die Berichtigung der Sie betreffenden unrichtigen Daten zu verlangen.<\/p>\n<p align=\"justify\">Sie haben nach Ma\u00dfgabe des Art. 17 DSGVO das Recht zu verlangen, dass betreffende Daten unverz\u00fcglich gel\u00f6scht werden, bzw. alternativ nach Ma\u00dfgabe des Art. 18 DSGVO eine Einschr\u00e4nkung der Verarbeitung der Daten zu verlangen.<\/p>\n<p align=\"justify\">Sie haben das Recht zu verlangen, dass die Sie betreffenden Daten, die Sie uns bereitgestellt haben nach Ma\u00dfgabe des Art. 20 DSGVO zu erhalten und deren \u00dcbermittlung an andere Verantwortliche zu fordern.<\/p>\n<p align=\"justify\">Sie haben ferner gem. Art. 77 DSGVO das Recht, eine Beschwerde bei der zust\u00e4ndigen Aufsichtsbeh\u00f6rde einzureichen.<\/p>\n<\/div>\n<\/div>\n<\/div>\n<div class=\"elementor-element elementor-element-ed96887 elementor-widget-divider--view-line jltma-glass-effect-no elementor-widget elementor-widget-divider\" data-id=\"ed96887\" data-element_type=\"widget\" data-widget_type=\"divider.default\">\n<div class=\"elementor-widget-container\">\n<div class=\"elementor-divider\"><\/div>\n<\/div>\n<\/div>\n<div class=\"elementor-element elementor-element-48ebee9 jltma-glass-effect-no elementor-widget elementor-widget-text-editor\" data-id=\"48ebee9\" data-element_type=\"widget\" data-widget_type=\"text-editor.default\">\n<div class=\"elementor-widget-container\">\n<div class=\"elementor-text-editor elementor-clearfix\">\n<p><strong>Widerrufsrecht<\/strong><\/p>\n<p align=\"justify\">Sie haben das Recht, erteilte Einwilligungen gem. Art. 7 Abs. 3 DSGVO mit Wirkung f\u00fcr die Zukunft zu widerrufen.<\/p>\n<\/div>\n<\/div>\n<\/div>\n<div class=\"elementor-element elementor-element-6990451 elementor-widget-divider--view-line jltma-glass-effect-no elementor-widget elementor-widget-divider\" data-id=\"6990451\" data-element_type=\"widget\" data-widget_type=\"divider.default\">\n<div class=\"elementor-widget-container\">\n<div class=\"elementor-divider\"><\/div>\n<\/div>\n<\/div>\n<div class=\"elementor-element elementor-element-58ea71f jltma-glass-effect-no elementor-widget elementor-widget-text-editor\" data-id=\"58ea71f\" data-element_type=\"widget\" data-widget_type=\"text-editor.default\">\n<div class=\"elementor-widget-container\">\n<div class=\"elementor-text-editor elementor-clearfix\">\n<p><strong>Widerspruchsrecht<\/strong><\/p>\n<p align=\"justify\">Sie k\u00f6nnen der k\u00fcnftigen Verarbeitung der Sie betreffenden Daten nach Ma\u00dfgabe des Art. 21 DSGVO jederzeit widersprechen.<\/p>\n<p align=\"justify\">&#8212;&#8212;&#8212;&#8212;-<\/p>\n<\/div>\n<\/div>\n<\/div>\n<p><strong>Kontakt mit uns<\/strong><\/p>\n<p align=\"justify\">Bei der Kontaktaufnahme mit uns (z.B. per Kontaktformular, E-Mail, Telefon oder via sozialer Medien) werden die Angaben des Nutzers zur Bearbeitung der Kontaktanfrage und deren Abwicklung gem. Art. 6 Abs. 1 lit. b) DSGVO verarbeitet und gespeichert. Die Angaben der Nutzer k\u00f6nnen in einem betriebsinternen Customer-Relationship-Management System (\u201eCRM System\u201c) oder vergleichbarer Anfragenorganisation verarbeitet werden.<\/p>\n<p align=\"justify\">Wir l\u00f6schen die Anfragen, sofern diese nicht mehr erforderlich sind. Wir \u00fcberpr\u00fcfen die Erforderlichkeit alle zwei Jahre. Ferner gelten die gesetzlichen Archivierungspflichten.<\/p>\n<div class=\"elementor-element elementor-element-42750c7 jltma-glass-effect-no elementor-widget elementor-widget-text-editor\" data-id=\"42750c7\" data-element_type=\"widget\" data-widget_type=\"text-editor.default\">\n<div class=\"elementor-widget-container\">\n<div class=\"elementor-text-editor elementor-clearfix\">\n<p><b>Datenverarbeitung auf dieser Webseite<\/b><\/p>\n<p align=\"justify\">Sofern Sie in die Datenverarbeitung eingewilligt haben, verarbeiten wir Ihre personenbezogenen Daten auf Grundlage von Art. 6 Abs. 1 lit. a DSGVO bzw. Art. 9 Abs. 2 lit. a DSGVO, sofern besondere Datenkategorien nach Art. 9 Abs. 1 DSGVO verarbeitet werden. Im Falle einer ausdr\u00fccklichen Einwilligung in die \u00dcbertragung personenbezogener Daten in Drittstaaten erfolgt die Datenverarbeitung au\u00dferdem auf Grundlage von Art. 49 Abs. 1 lit. a DSGVO. Sofern Sie in die Speicherung von Cookies eingewilligt haben, erfolgt die Datenverarbeitung zus\u00e4tzlich auf Grundlage von \u00a7 25 Abs. 1 TTDSG. Die Einwilligung ist jederzeit widerrufbar. Sind Ihre Daten zur Vertragserf\u00fcllung oder zur Durchf\u00fchrung vorvertraglicher Ma\u00dfnahmen erforderlich, verarbeiten wir Ihre Daten auf Grundlage des Art. 6 Abs. 1 lit. b DSGVO. Des Weiteren verarbeiten wir Ihre Daten, sofern diese zur Erf\u00fcllung einer rechtlichen Verpflichtung erforderlich sind auf Grundlage von Art. 6 Abs. 1 lit. c DSGVO. Die Datenverarbeitung kann ferner auf Grundlage unseres berechtigten Interesses nach Art. 6 Abs. 1 lit. f DSGVO erfolgen.<\/p>\n<\/div>\n<\/div>\n<\/div>\n<div class=\"elementor-element elementor-element-005b31f elementor-widget-divider--view-line jltma-glass-effect-no elementor-widget elementor-widget-divider\" data-id=\"005b31f\" data-element_type=\"widget\" data-widget_type=\"divider.default\">\n<div class=\"elementor-widget-container\">\n<div class=\"elementor-divider\"><\/div>\n<\/div>\n<\/div>\n<div class=\"elementor-element elementor-element-cb922a8 jltma-glass-effect-no elementor-widget elementor-widget-text-editor\" data-id=\"cb922a8\" data-element_type=\"widget\" data-widget_type=\"text-editor.default\">\n<div class=\"elementor-widget-container\">\n<div class=\"elementor-text-editor elementor-clearfix\">\n<p><b>Speicherdauer<\/b><\/p>\n<p align=\"justify\">Soweit innerhalb dieser Datenschutzerkl\u00e4rung keine speziellere Speicherdauer genannt wurde, verbleiben Ihre personenbezogenen Daten bei uns, bis der Zweck f\u00fcr die Datenverarbeitung entf\u00e4llt. Wenn Sie ein berechtigtes L\u00f6schersuchen geltend machen oder eine Einwilligung zur Datenverarbeitung widerrufen, werden Ihre Daten gel\u00f6scht, sofern wir keine anderen rechtlich zul\u00e4ssigen Gr\u00fcnde f\u00fcr die Speicherung Ihrer personenbezogenen Daten haben (z. B. steuer- oder handelsrechtliche Aufbewahrungsfristen); im letztgenannten Fall erfolgt die L\u00f6schung nach Fortfall dieser Gr\u00fcnde.<\/p>\n<\/div>\n<\/div>\n<\/div>\n<div class=\"elementor-element elementor-element-e59c713 elementor-widget-divider--view-line jltma-glass-effect-no elementor-widget elementor-widget-divider\" data-id=\"e59c713\" data-element_type=\"widget\" data-widget_type=\"divider.default\">\n<div class=\"elementor-widget-container\">\n<div class=\"elementor-divider\"><\/div>\n<\/div>\n<\/div>\n<div class=\"elementor-element elementor-element-1ccb8e7 jltma-glass-effect-no elementor-widget elementor-widget-text-editor\" data-id=\"1ccb8e7\" data-element_type=\"widget\" data-widget_type=\"text-editor.default\">\n<div class=\"elementor-widget-container\">\n<div class=\"elementor-text-editor elementor-clearfix\">\n<p><b>SSL- bzw. TLS-Verschl\u00fcsselung<\/b><\/p>\n<p align=\"justify\">Diese Seite nutzt aus Sicherheitsgr\u00fcnden und zum Schutz der \u00dcbertragung vertraulicher Inhalte, wie zum Beispiel Anfragen, die Sie an uns als Seitenbetreiber senden, eine SSL- bzw. TLS-Verschl\u00fcsselung. Eine verschl\u00fcsselte Verbindung erkennen Sie daran, dass die Adresszeile des Browsers von \u201ehttp:\/\/\u201c auf \u201ehttps:\/\/\u201c wechselt und an dem Schloss-Symbol in Ihrer Browserzeile.<\/p>\n<p align=\"justify\">Wenn die SSL- bzw. TLS-Verschl\u00fcsselung aktiviert ist, k\u00f6nnen die Daten, die Sie an uns \u00fcbermitteln, nicht von Dritten mitgelesen werden.<\/p>\n<\/div>\n<\/div>\n<\/div>\n<div class=\"elementor-element elementor-element-6cb00e4 elementor-widget-divider--view-line jltma-glass-effect-no elementor-widget elementor-widget-divider\" data-id=\"6cb00e4\" data-element_type=\"widget\" data-widget_type=\"divider.default\">\n<div class=\"elementor-widget-container\">\n<div class=\"elementor-divider\"><\/div>\n<\/div>\n<\/div>\n<div class=\"elementor-element elementor-element-3a5b668 jltma-glass-effect-no elementor-widget elementor-widget-text-editor\" data-id=\"3a5b668\" data-element_type=\"widget\" data-widget_type=\"text-editor.default\">\n<div class=\"elementor-widget-container\">\n<div class=\"elementor-text-editor elementor-clearfix\">\n<p><strong>Hosting<\/strong><\/p>\n<p align=\"justify\">Die von uns in Anspruch genommenen Hosting-Leistungen dienen der Zurverf\u00fcgungstellung der folgenden Leistungen: Infrastruktur- und Plattformdienstleistungen, Rechenkapazit\u00e4t, Speicherplatz und Datenbankdienste, Sicherheitsleistungen sowie technische Wartungsleistungen, die wir zum Zwecke des Betriebs dieses Onlineangebotes (Webseite) einsetzen.<\/p>\n<p align=\"justify\">Hierbei verarbeiten wir bzw. unser Hostinganbieter Bestandsdaten, Kontaktdaten, Inhaltsdaten, Nutzungsdaten, Meta- und Kommunikationsdaten von Kunden, Interessenten und Besuchern dieses Onlineangebotes auf Grundlage unserer berechtigten Interessen an einer effizienten und sicheren Zurverf\u00fcgungstellung dieses Onlineangebotes gem. Art. 6 Abs. 1 lit. f DSGVO i.V.m. Art. 28 DSGVO (Abschluss Auftragsverarbeitungsvertrag).<\/p>\n<p align=\"justify\">Wir setzen folgender Hoster ein:\u00a0World4You\u00a0Internet Services GmbH,\u00a0Hafenstra\u00dfe 35,\u00a04020 Linz, \u00d6sterreich<\/p>\n<\/div>\n<\/div>\n<\/div>\n<div class=\"elementor-element elementor-element-df2bbbc elementor-widget-divider--view-line jltma-glass-effect-no elementor-widget elementor-widget-divider\" data-id=\"df2bbbc\" data-element_type=\"widget\" data-widget_type=\"divider.default\">\n<div class=\"elementor-widget-container\">\n<div class=\"elementor-divider\"><\/div>\n<\/div>\n<\/div>\n<div class=\"elementor-element elementor-element-8c364ee jltma-glass-effect-no elementor-widget elementor-widget-text-editor\" data-id=\"8c364ee\" data-element_type=\"widget\" data-widget_type=\"text-editor.default\">\n<div class=\"elementor-widget-container\">\n<div class=\"elementor-text-editor elementor-clearfix\">\n<p><strong>Server-Log-Files<\/strong><\/p>\n<p align=\"justify\">Wir, bzw. unser Hostinganbieter, erhebt auf Grundlage unserer berechtigten Interessen im Sinne des Art. 6 Abs. 1 lit. f. DSGVO Daten \u00fcber jeden Zugriff auf den Server, auf dem sich dieser Dienst befindet (sogenannte Serverlogfiles), die Ihr Browser automatisch an uns \u00fcbermittelt. Dies sind<\/p>\n<p>\u2013 die aufgerufene Seite (URL),<br \/>\n\u2013 der Browser bzw. die Browserversion,<br \/>\n\u2013 das verwendete Betriebssystem,<br \/>\n\u2013 die Referrer URL (die zuvor besuchte Seite),<br \/>\n\u2013 Hostname und IP-Adresse des zugreifenden Rechners und<br \/>\n\u2013 die Uhrzeit der Serveranfrage.<\/p>\n<p align=\"justify\">Diese Logdateien werden vom Hostinganbieter zwei Wochen lang aus Sicherheitsgr\u00fcnden (z.B. zur Aufkl\u00e4rung von Missbrauchs- oder Betrugshandlungen) gespeichert und dann gel\u00f6scht. Eine Zusammenf\u00fchrung dieser Daten mit anderen Datenquellen wird nicht vorgenommen.<\/p>\n<\/div>\n<\/div>\n<\/div>\n<div class=\"elementor-element elementor-element-5c88635 elementor-widget-divider--view-line jltma-glass-effect-no elementor-widget elementor-widget-divider\" data-id=\"5c88635\" data-element_type=\"widget\" data-widget_type=\"divider.default\">\n<div class=\"elementor-widget-container\">\n<div class=\"elementor-divider\"><\/div>\n<\/div>\n<\/div>\n<div class=\"elementor-element elementor-element-3abe3cc jltma-glass-effect-no elementor-widget elementor-widget-text-editor\" data-id=\"3abe3cc\" data-element_type=\"widget\" data-widget_type=\"text-editor.default\">\n<div class=\"elementor-widget-container\">\n<div class=\"elementor-text-editor elementor-clearfix\">\n<p><strong>Cookies<\/strong><\/p>\n<p align=\"justify\">Internetseiten verwenden h\u00e4ufig so genannte Cookies. Cookies richten auf Ihrem Rechner keinen Schaden an und enthalten keine Viren. Cookies dienen dazu, unser Angebot nutzerfreundlicher, effektiver und sicherer zu machen. Cookies sind kleine Textdateien, die auf Ihrem Rechner abgelegt werden und die Ihr Browser speichert.<\/p>\n<p align=\"justify\">Cookies k\u00f6nnen von uns (First-Party-Cookies) oder von Drittunternehmen stammen (sog. Third-Party-Cookies). Third-Party-Cookies erm\u00f6glichen die Einbindung bestimmter Dienstleistungen von Drittunternehmen innerhalb von Webseiten (z. B. Cookies zur Einbindung von Videodateien).<\/p>\n<p align=\"justify\">Einige Cookies werden nach Ende Ihres Besuchs automatisch gel\u00f6scht. Andere Cookies bleiben auf Ihrem Endger\u00e4t gespeichert, bis Sie diese l\u00f6schen. Diese Cookies erm\u00f6glichen es uns, Ihren Browser beim n\u00e4chsten Besuch wiederzuerkennen.<\/p>\n<p align=\"justify\">Sie k\u00f6nnen Ihren Browser so einstellen, dass Sie \u00fcber das Setzen von Cookies informiert werden und Cookies nur im Einzelfall erlauben, die Annahme von Cookies f\u00fcr bestimmte F\u00e4lle oder generell ausschlie\u00dfen sowie das automatische L\u00f6schen der Cookies beim Schlie\u00dfen des Browser aktivieren. Bei der Deaktivierung von Cookies kann die Funktionalit\u00e4t dieser Website eingeschr\u00e4nkt sein.<\/p>\n<p align=\"justify\">Beim \u00d6ffnen dieser Webseite \u00f6ffnet sich ein Cookie-Banner \u00fcber den Sie Ihre vergebenen Berechtigungen verwalten k\u00f6nnen. Auch w\u00e4hrend des Besuchs der Webseite k\u00f6nnen Sie in der rechten unteren Ecke der Webseite diesen Banner (&#8222;Privatsph\u00e4re Einstellung \/ Privacy Setting&#8220;) aufrufen und die erteilten Berechtigungen nachtr\u00e4glich \u00e4ndern.<\/p>\n<p align=\"justify\">Welche Cookies auf dieser Webseite verwendet werden, erfahren Sie hier in den n\u00e4chsten Abschnitten der Datenschutzerkl\u00e4rung.<\/p>\n<\/div>\n<\/div>\n<\/div>\n<div class=\"elementor-element elementor-element-94e91de elementor-widget-divider--view-line jltma-glass-effect-no elementor-widget elementor-widget-divider\" data-id=\"94e91de\" data-element_type=\"widget\" data-widget_type=\"divider.default\">\n<div class=\"elementor-widget-container\">\n<div class=\"elementor-divider\"><\/div>\n<\/div>\n<\/div>\n<div class=\"elementor-element elementor-element-2bfd534 jltma-glass-effect-no elementor-widget elementor-widget-text-editor\" data-id=\"2bfd534\" data-element_type=\"widget\" data-widget_type=\"text-editor.default\">\n<div class=\"elementor-widget-container\">\n<div class=\"elementor-text-editor elementor-clearfix\">\n<p><strong>Kein Tracking via Google Analytics oder \u00e4hnlicher Programme<\/strong><\/p>\n<p align=\"justify\">Aus Gr\u00fcnden des Schutzes der Privatsph\u00e4re unserer Nutzer verzichten wir auf den Einsatz von Tracking-Codes (z.B. Google Analytics), und andere Datentransfer erfassenden Hilfsmittel.<\/p>\n<\/div>\n<\/div>\n<\/div>\n<div class=\"elementor-element elementor-element-24ee752 elementor-widget-divider--view-line jltma-glass-effect-no elementor-widget elementor-widget-divider\" data-id=\"24ee752\" data-element_type=\"widget\" data-widget_type=\"divider.default\">\n<div class=\"elementor-widget-container\">\n<div class=\"elementor-divider\"><\/div>\n<\/div>\n<\/div>\n<div class=\"elementor-element elementor-element-a150718 jltma-glass-effect-no elementor-widget elementor-widget-text-editor\" data-id=\"a150718\" data-element_type=\"widget\" data-widget_type=\"text-editor.default\">\n<div class=\"elementor-widget-container\">\n<div class=\"elementor-text-editor elementor-clearfix\">\n<p><b>Google ReCaptcha<\/b><\/p>\n<p align=\"justify\">Dieses Tool wird eingesetzt um bei Anfragen \u00fcber unser Kontaktformular sicherzustellen, dass es sich um einen echten Menschen und keinen Bot handelt. Das Tool ist standardm\u00e4\u00dfig deaktiviert und wird erst aktiv, wenn der Nutzer auf den dazugeh\u00f6rigen Button klickt. Erst dann stellt die Anwendung den direkten Kontakt zwischen den Netzwerken und Nutzern her. Der Klick auf den Button stellt eine Einwilligung im Sinne des Art. 6 Abs. 1 lit. a DSGVO dar.<\/p>\n<\/div>\n<\/div>\n<\/div>\n<div class=\"elementor-element elementor-element-f0a1cd0 elementor-widget-divider--view-line jltma-glass-effect-no elementor-widget elementor-widget-divider\" data-id=\"f0a1cd0\" data-element_type=\"widget\" data-widget_type=\"divider.default\">\n<div class=\"elementor-widget-container\">\n<div class=\"elementor-divider\"><\/div>\n<\/div>\n<\/div>\n<div class=\"elementor-element elementor-element-1bc3d5f jltma-glass-effect-no elementor-widget elementor-widget-text-editor\" data-id=\"1bc3d5f\" data-element_type=\"widget\" data-widget_type=\"text-editor.default\">\n<div class=\"elementor-widget-container\">\n<div class=\"elementor-text-editor elementor-clearfix\">\n<p><b>Fonts<\/b><\/p>\n<p align=\"justify\">Wir verwenden keine Google Fonts, sondern nur lokal eingebettete Schriften.<\/p>\n<\/div>\n<\/div>\n<\/div>\n<div class=\"elementor-element elementor-element-ce66741 elementor-widget-divider--view-line jltma-glass-effect-no elementor-widget elementor-widget-divider\" data-id=\"ce66741\" data-element_type=\"widget\" data-widget_type=\"divider.default\">\n<div class=\"elementor-widget-container\">\n<div class=\"elementor-divider\"><\/div>\n<\/div>\n<\/div>\n<div class=\"elementor-element elementor-element-991af8e jltma-glass-effect-no elementor-widget elementor-widget-text-editor\" data-id=\"991af8e\" data-element_type=\"widget\" data-widget_type=\"text-editor.default\">\n<div class=\"elementor-widget-container\">\n<div class=\"elementor-text-editor elementor-clearfix\">\n<p><strong>Nutzung von YouTube im erweiterten Datenschutzmodus<\/strong><\/p>\n<p align=\"justify\">Wir setzen zum Einbinden von Videos den Anbieter YouTube ein. Diese Videos werden aber im erweiterten Datenschutzmodus eingebettet, damit Ihre Nutzeraktivit\u00e4t auf unserer Homepage nicht nachverfolgt und vor der aktiven Zustimmung durch Sie keine YouTube-Cookies gesetzt werden.<\/p>\n<p align=\"justify\">Denn wie die meisten Websites verwendet auch YouTube Cookies, um Informationen \u00fcber die Besucher zu sammeln. YouTube verwendet diese unter anderem zur Erfassung von Videostatistiken, zur Vermeidung von Betrug und zur Verbesserung der Userfreundlichkeit. Auch f\u00fchrt dies zu einer Verbindungsaufnahme mit dem Google DoubleClick Netzwerk. Wenn Sie das Video starten, k\u00f6nnte dies weitere Datenverarbeitungsvorg\u00e4nge ausl\u00f6sen. Darauf haben wir keinen Einfluss. Weitere Informationen \u00fcber Datenschutz bei YouTube finden Sie in deren Datenschutzerkl\u00e4rung unter:<\/p>\n<p>\u00a0<a href=\"http:\/\/www.youtube.com\/t\/privacy_at_youtube\" target=\"_blank\" rel=\"noopener\"><u>http:\/\/www.youtube.com\/t\/privacy_at_youtube<\/u><\/a><\/p>\n<\/div>\n<\/div>\n<\/div>\n<div class=\"elementor-element elementor-element-e0c5894 elementor-widget-divider--view-line jltma-glass-effect-no elementor-widget elementor-widget-divider\" data-id=\"e0c5894\" data-element_type=\"widget\" data-widget_type=\"divider.default\">\n<div class=\"elementor-widget-container\">\n<div class=\"elementor-divider\"><\/div>\n<\/div>\n<\/div>\n<div class=\"elementor-element elementor-element-bc400ba jltma-glass-effect-no elementor-widget elementor-widget-text-editor\" data-id=\"bc400ba\" data-element_type=\"widget\" data-widget_type=\"text-editor.default\">\n<div class=\"elementor-widget-container\">\n<div class=\"elementor-text-editor elementor-clearfix\">\n<p><strong>Social Media<\/strong><\/p>\n<p align=\"justify\">Die auf unserem Webseiten enthaltenen Social-Media Buttons verlinken lediglich auf unsere jeweiligen Social Media-Profile. Eine \u00dcbertragung von Nutzerdaten findet auf unserer Seite nicht statt.<\/p>\n<p align=\"justify\">Wir unterhalten Onlinepr\u00e4senzen innerhalb sozialer Netzwerke und Plattformen, um mit den dort aktiven Nutzern kommunizieren und sie dort \u00fcber unsere Leistungen informieren zu k\u00f6nnen. Beim Aufruf der jeweiligen Netzwerke und Plattformen (beginnt mit dem aktiven Klicken des Buttons) gelten die Gesch\u00e4ftsbedingungen und die Datenverarbeitungsrichtlinien deren jeweiligen Betreiber.<\/p>\n<p align=\"justify\">Soweit nicht anders im Rahmen unserer Datenschutzerkl\u00e4rung angegeben, verarbeiten wir die Daten der Nutzer sofern diese mit uns innerhalb der sozialen Netzwerke und Plattformen kommunizieren, z.B. Beitr\u00e4ge auf unseren Onlinepr\u00e4senzen verfassen oder uns Nachrichten zusenden.<\/p>\n<p align=\"justify\">Diese Datenschutzerkl\u00e4rung gilt f\u00fcr folgende Social Media Auftritte:<\/p>\n<p align=\"justify\">Youtube:\u00a0<a href=\"https:\/\/www.youtube.com\/@RestartThinking\">https:\/\/www.youtube.com\/@RestartThinking<\/a><\/p>\n<p align=\"justify\">LinkedIn:\u00a0<a href=\"https:\/\/www.linkedin.com\/company\/buchinger-kuduz\/\">https:\/\/www.linkedin.com\/company\/buchinger-kuduz\/<\/a><\/p>\n<p align=\"justify\">Xing:\u00a0<a href=\"https:\/\/www.xing.com\/pages\/buchinger-kuduz\">https:\/\/www.xing.com\/pages\/buchinger-kuduz<\/a><\/p>\n<p align=\"justify\">&#8212;&#8212;&#8212;&#8212;-<\/p>\n<div>\n<p><strong>YouTube<\/strong><\/p>\n<\/div>\n<div>\n<p>Wir verf\u00fcgen \u00fcber ein Profil bei YouTube. <span lang=\"EN-US\">Anbieter ist die Google Ireland Limited, Gordon House, Barrow Street, Dublin 4, Irland. <\/span>Details zu deren Umgang mit Ihren personenbezogenen Daten finden Sie in der Datenschutzerkl\u00e4rung von YouTube:<span class=\"apple-converted-space\">\u00a0<\/span><a href=\"https:\/\/policies.google.com\/privacy?hl=de\" target=\"_blank\" rel=\"noopener\">https:\/\/policies.google.com\/privacy?hl=de<\/a>.<\/p>\n<div>\n<p><strong>LinkedIn<\/strong><\/p>\n<\/div>\n<div>\n<p>Wir verf\u00fcgen \u00fcber ein Profil bei LinkedIn. Anbieter ist die LinkedIn Ireland Unlimited Company, Wilton Plaza, Wilton Place, Dublin 2,\u00a0Irland. LinkedIn verwendet Werbecookies.<\/p>\n<\/div>\n<div>\n<p>Wenn Sie LinkedIn-Werbe-Cookies deaktivieren m\u00f6chten, nutzen Sie bitte folgenden Link:<span class=\"apple-converted-space\"><b>\u00a0<\/b><\/span><a href=\"https:\/\/www.linkedin.com\/psettings\/guest-controls\/retargeting-opt-out\" target=\"_blank\" rel=\"noopener\">https:\/\/www.linkedin.com\/psettings\/guest-controls\/retargeting-opt-out<\/a>.<\/p>\n<\/div>\n<div>\n<p>Details zu deren Umgang mit Ihren personenbezogenen Daten entnehmen Sie der Datenschutzerkl\u00e4rung von LinkedIn:<span class=\"apple-converted-space\">\u00a0<\/span><a href=\"https:\/\/www.linkedin.com\/legal\/privacy-policy\" target=\"_blank\" rel=\"noopener\">https:\/\/www.linkedin.com\/legal\/privacy-policy<\/a>.<\/p>\n<\/div>\n<\/div>\n<p align=\"justify\"><strong>XING<\/strong><\/p>\n<div>\n<p>Wir verf\u00fcgen \u00fcber ein Profil bei XING. Anbieter ist die New Work SE, Dammtorstra\u00dfe 30, 20354 Hamburg, Deutschland. Details zu deren Umgang mit Ihren personenbezogenen Daten entnehmen Sie der Datenschutzerkl\u00e4rung von XING:<span class=\"apple-converted-space\">\u00a0<\/span><a href=\"https:\/\/privacy.xing.com\/de\/datenschutzerklaerung\" target=\"_blank\" rel=\"noopener\">https:\/\/privacy.xing.com\/de\/datenschutzerklaerung<\/a>.<\/p>\n<\/div>\n<\/div>\n<\/div>\n<\/div>\n<p>&#8212;&#8212;&#8212;&#8212;-<\/p>\n<p>Text Datenschutzerkl\u00e4rung in Anlehnung an <a href=\"https:\/\/www.e-recht24.de\/\" target=\"_blank\" rel=\"noopener\">https:\/\/www.e-recht24.de<\/a>\u00a0erstellt.<\/p>\n","protected":false},"excerpt":{"rendered":"<p>Datenschutzerkl\u00e4rung Der Schutz Ihrer pers\u00f6nlichen Daten liegt uns am Herzen. Diese Datenschutzerkl\u00e4rung kl\u00e4rt Sie daher \u00fcber die Art, den Umfang und Zweck der Verarbeitung von personenbezogenen Daten (nachfolgend kurz \u201eDaten\u201c) innerhalb unseres Onlineangebotes und der mit ihm verbundenen Webseiten, Funktionen und Inhalte sowie externen Onlinepr\u00e4senzen, wie z.B. unsere Social Media Profile, auf. All diese werden nachfolgend gemeinsam als \u201eOnlineangebot\u201c bezeichnet. Im Hinblick auf die verwendeten Begrifflichkeiten, wie z.B. \u201cVerarbeitung\u201d oder \u201cVerantwortlicher\u201d verweisen wir auf die Definitionen im Art. 4 der Datenschutzgrundverordnung (DSGVO). Zur besseren Lesbarkeit verwenden wir nachfolgend die m\u00e4nnliche Schreibform, selbstverst\u00e4ndlich sind alle anderen Formen damit mitgemeint. Datenschutz allgemein Wir, als Betreiber dieser Webseite, nehmen den Schutz Ihrer pers\u00f6nlichen Daten sehr ernst. Wir behandeln Ihre personenbezogenen Daten vertraulich und entsprechend der gesetzlichen Datenschutzvorschriften (DSGVO und TKG) sowie dieser Datenschutzerkl\u00e4rung. Wir weisen darauf hin, dass die Daten\u00fcbertragung im Internet Sicherheitsl\u00fccken aufweisen kann. Ein l\u00fcckenloser Schutz der Daten vor dem Zugriff durch Dritte ist nicht m\u00f6glich. Verantwortlicher f\u00fcr die Datenverarbeitung auf dieser Webseite\u00a0 Dr. Mario Buchinger Buchinger|Kuduz Weidach 364h 6105 Leutasch Bitte wenden Sie sich bei Fragen per Email an: office [at] buchingerkuduz.com Impressum:\u00a0http:\/\/www.buchingerkuduz.com\/blog\/impressum\/ Arten der verarbeiteten Daten \u2013 Kontaktdaten (z.B. Name, Adresse, E-Mail) \u2013 Inhaltsdaten (z.B. Texteingaben) \u2013 Meta-\/Kommunikationsdaten (z.B. Ger\u00e4te-Informationen, IP-Adressen) Kategorien betroffener Personen Besucher und Nutzer des Onlineangebotes. Nachfolgend bezeichnen wir die betroffenen Personen zusammenfassend auch als \u201eNutzer\u201c. Zwecke der Verarbeitung \u2013 Zurverf\u00fcgungstellen des Onlineangebots, seiner Funktionen und Inhalte \u2013 Beantworten von Kontaktanfragen und Kommunikation mit Nutzern \u2013 Sicherheitsma\u00dfnahmen Sicherheitsma\u00dfnahmen Wir treffen nach Ma\u00dfgabe des Art. 32 DSGVO unter Ber\u00fccksichtigung des Stands der Technik, der Implementierungskosten und der Art, des Umfangs, der Umst\u00e4nde und der Zwecke der Verarbeitung sowie der unterschiedlichen Eintrittswahrscheinlichkeit und Schwere des Risikos f\u00fcr die Rechte und Freiheiten nat\u00fcrlicher Personen, geeignete technische und organisatorische Ma\u00dfnahmen, um ein dem Risiko angemessenes Schutzniveau zu gew\u00e4hrleisten. Zu den Ma\u00dfnahmen geh\u00f6ren insbesondere die Sicherung der Vertraulichkeit, Integrit\u00e4t und Verf\u00fcgbarkeit von Daten durch Kontrolle des physischen Zugangs zu den Daten, als auch des sie betreffenden Zugriffs, der Eingabe, Weitergabe, der Sicherung der Verf\u00fcgbarkeit und ihrer Trennung. Des Weiteren haben wir Verfahren eingerichtet, die eine Wahrnehmung von Betroffenenrechten, L\u00f6schung von Daten und Reaktion auf Gef\u00e4hrdung der Daten gew\u00e4hrleisten. Ferner ber\u00fccksichtigen wir den Schutz personenbezogener Daten bereits bei der Entwicklung, bzw. Auswahl von Hardware, Software sowie Verfahren, entsprechend dem Prinzip des Datenschutzes durch Technikgestaltung und durch datenschutzfreundliche Voreinstellungen (Art. 25 DSGVO). Zusammenarbeit mit Auftragsverarbeitern und Dritten Sofern wir im Rahmen unserer Verarbeitung Daten gegen\u00fcber anderen Personen und Unternehmen (Auftragsverarbeitern oder Dritten) offenbaren, sie an diese \u00fcbermitteln oder ihnen sonst Zugriff auf die Daten gew\u00e4hren, erfolgt dies nur auf Grundlage einer gesetzlichen Erlaubnis (z.B. wenn eine \u00dcbermittlung der Daten an Dritte gem. Art. 6 Abs. 1 lit. b DSGVO zur Vertragserf\u00fcllung erforderlich ist), Sie eingewilligt haben, eine rechtliche Verpflichtung dies vorsieht oder auf Grundlage unserer berechtigten Interessen (z.B. beim Einsatz von Beauftragten, Webhostern, etc.). Sofern wir Dritte mit der Verarbeitung von Daten auf Grundlage eines sog. \u201eAuftragsverarbeitungsvertrages\u201c beauftragen, geschieht dies auf Grundlage des Art. 28 DSGVO. Hinweis zur \u00dcbermittlung von Daten in die USA und sonstige Drittl\u00e4nder Wir arbeiten grunds\u00e4tzlich mit Anbietern aus der Europ\u00e4ischen Union zusammen. Wenn im Ausnahmefall Tools von Unternehmen mit Sitz in den USA oder sonstigen datenschutzrechtlich nicht sicheren Drittstaaten verwendet werden, sind diese per Grundeinstellung (default) deaktiviert. Um die Services nutzen zu k\u00f6nnen, m\u00fcssen Sie diesen aktiv zustimmen. Wenn diese Tools aktiv sind, k\u00f6nnen Ihre personenbezogene Daten in diese Drittstaaten \u00fcbertragen und dort verarbeitet werden. Wir weisen darauf hin, dass in diesen L\u00e4ndern kein mit der EU vergleichbares Datenschutzniveau garantiert werden kann. Beispielsweise sind US-Unternehmen dazu verpflichtet, personenbezogene Daten an Sicherheitsbeh\u00f6rden herauszugeben, ohne dass Sie als Betroffener hiergegen gerichtlich vorgehen k\u00f6nnten. Es kann daher nicht ausgeschlossen werden, dass US-Beh\u00f6rden (z. B. Geheimdienste) Ihre auf US-Servern befindlichen Daten zu \u00dcberwachungszwecken verarbeiten, auswerten und dauerhaft speichern. Wir haben auf diese Verarbeitungst\u00e4tigkeiten keinen Einfluss. Rechte der betroffenen Personen Sie haben das Recht, eine Best\u00e4tigung dar\u00fcber zu verlangen, ob betreffende Daten verarbeitet werden und auf Auskunft \u00fcber diese Daten sowie auf weitere Informationen und Kopie der Daten entsprechend Art. 15 DSGVO. Sie haben entsprechend Art. 16 DSGVO das Recht, die Vervollst\u00e4ndigung der Sie betreffenden Daten oder die Berichtigung der Sie betreffenden unrichtigen Daten zu verlangen. Sie haben nach Ma\u00dfgabe des Art. 17 DSGVO das Recht zu verlangen, dass betreffende Daten unverz\u00fcglich gel\u00f6scht werden, bzw. alternativ nach Ma\u00dfgabe des Art. 18 DSGVO eine Einschr\u00e4nkung der Verarbeitung der Daten zu verlangen. Sie haben das Recht zu verlangen, dass die Sie betreffenden Daten, die Sie uns bereitgestellt haben nach Ma\u00dfgabe des Art. 20 DSGVO zu erhalten und deren \u00dcbermittlung an andere Verantwortliche zu fordern. Sie haben ferner gem. Art. 77 DSGVO das Recht, eine Beschwerde bei der zust\u00e4ndigen Aufsichtsbeh\u00f6rde einzureichen. Widerrufsrecht Sie haben das Recht, erteilte Einwilligungen gem. Art. 7 Abs. 3 DSGVO mit Wirkung f\u00fcr die Zukunft zu widerrufen. Widerspruchsrecht Sie k\u00f6nnen der k\u00fcnftigen Verarbeitung der Sie betreffenden Daten nach Ma\u00dfgabe des Art. 21 DSGVO jederzeit widersprechen. &#8212;&#8212;&#8212;&#8212;- Kontakt mit uns Bei der Kontaktaufnahme mit uns (z.B. per Kontaktformular, E-Mail, Telefon oder via sozialer Medien) werden die Angaben des Nutzers zur Bearbeitung der Kontaktanfrage und deren Abwicklung gem. Art. 6 Abs. 1 lit. b) DSGVO verarbeitet und gespeichert. Die Angaben der Nutzer k\u00f6nnen in einem betriebsinternen Customer-Relationship-Management System (\u201eCRM System\u201c) oder vergleichbarer Anfragenorganisation verarbeitet werden. Wir l\u00f6schen die Anfragen, sofern diese nicht mehr erforderlich sind. Wir \u00fcberpr\u00fcfen die Erforderlichkeit alle zwei Jahre. Ferner gelten die gesetzlichen Archivierungspflichten. Datenverarbeitung auf dieser Webseite Sofern Sie in die Datenverarbeitung eingewilligt haben, verarbeiten wir Ihre personenbezogenen Daten auf Grundlage von Art. 6 Abs. 1 lit. a DSGVO bzw. Art. 9 Abs. 2 lit. a DSGVO, sofern besondere Datenkategorien nach Art. 9 Abs. 1 DSGVO verarbeitet werden. Im Falle einer ausdr\u00fccklichen Einwilligung in die \u00dcbertragung personenbezogener Daten in Drittstaaten erfolgt die Datenverarbeitung au\u00dferdem auf Grundlage von Art. 49 Abs. 1 lit. a DSGVO. Sofern Sie in die Speicherung von Cookies eingewilligt haben, erfolgt die Datenverarbeitung zus\u00e4tzlich auf Grundlage von \u00a7 25 Abs. 1 TTDSG. Die Einwilligung ist jederzeit widerrufbar. Sind Ihre Daten zur Vertragserf\u00fcllung oder zur Durchf\u00fchrung vorvertraglicher<a href=\"https:\/\/www.buchingerkuduz.com\/blog\/datenschutzerklaerung\/\" rel=\"bookmark\">Weiterlesen &raquo;<span class=\"screen-reader-text\">Datenschutzerkl\u00e4rung<\/span><\/a><\/p>\n","protected":false},"author":1,"featured_media":0,"parent":0,"menu_order":0,"comment_status":"closed","ping_status":"open","template":"","meta":{"neve_meta_sidebar":"","neve_meta_container":"","neve_meta_enable_content_width":"","neve_meta_content_width":0,"neve_meta_title_alignment":"","neve_meta_author_avatar":"","neve_post_elements_order":"","neve_meta_disable_header":"","neve_meta_disable_footer":"","neve_meta_disable_title":"","footnotes":""},"class_list":["post-3","page","type-page","status-publish","hentry"],"yoast_head":"<!-- This site is optimized with the Yoast SEO plugin v26.8 - https:\/\/yoast.com\/product\/yoast-seo-wordpress\/ -->\n<title>Datenschutzerkl\u00e4rung - #RestartThinking<\/title>\n<meta name=\"description\" content=\"Die Datenschutzerkl\u00e4rung des #RestartThinking Blogs gibt Auskunft ua. \u00fcber die erhobenen Daten, deren Verwendung, sowie die Rechte der betroffenen Personen.\" \/>\n<meta name=\"robots\" content=\"index, follow, max-snippet:-1, max-image-preview:large, max-video-preview:-1\" \/>\n<link rel=\"canonical\" href=\"https:\/\/www.buchingerkuduz.com\/blog\/datenschutzerklaerung\/\" \/>\n<meta property=\"og:locale\" content=\"de_DE\" \/>\n<meta property=\"og:type\" content=\"article\" \/>\n<meta property=\"og:title\" content=\"Datenschutzerkl\u00e4rung - #RestartThinking\" \/>\n<meta property=\"og:description\" content=\"Die Datenschutzerkl\u00e4rung des #RestartThinking Blogs gibt Auskunft ua. \u00fcber die erhobenen Daten, deren Verwendung, sowie die Rechte der betroffenen Personen.\" \/>\n<meta property=\"og:url\" content=\"https:\/\/www.buchingerkuduz.com\/blog\/datenschutzerklaerung\/\" \/>\n<meta property=\"og:site_name\" content=\"#RestartThinking\" \/>\n<meta property=\"article:modified_time\" content=\"2023-08-10T20:50:47+00:00\" \/>\n<meta property=\"og:image\" content=\"https:\/\/www.buchingerkuduz.com\/blog\/wp-content\/uploads\/2022\/03\/Logo_RestartThinkingBlog.png\" \/>\n\t<meta property=\"og:image:width\" content=\"1920\" \/>\n\t<meta property=\"og:image:height\" content=\"415\" \/>\n\t<meta property=\"og:image:type\" content=\"image\/png\" \/>\n<meta name=\"twitter:card\" content=\"summary_large_image\" \/>\n<meta name=\"twitter:label1\" content=\"Gesch\u00e4tzte Lesezeit\" \/>\n\t<meta name=\"twitter:data1\" content=\"12\u00a0Minuten\" \/>\n<script type=\"application\/ld+json\" class=\"yoast-schema-graph\">{\"@context\":\"https:\/\/schema.org\",\"@graph\":[{\"@type\":\"WebPage\",\"@id\":\"https:\/\/www.buchingerkuduz.com\/blog\/datenschutzerklaerung\/\",\"url\":\"https:\/\/www.buchingerkuduz.com\/blog\/datenschutzerklaerung\/\",\"name\":\"Datenschutzerkl\u00e4rung - #RestartThinking\",\"isPartOf\":{\"@id\":\"https:\/\/www.buchingerkuduz.com\/blog\/#website\"},\"datePublished\":\"2018-11-17T14:19:44+00:00\",\"dateModified\":\"2023-08-10T20:50:47+00:00\",\"description\":\"Die Datenschutzerkl\u00e4rung des #RestartThinking Blogs gibt Auskunft ua. \u00fcber die erhobenen Daten, deren Verwendung, sowie die Rechte der betroffenen Personen.\",\"breadcrumb\":{\"@id\":\"https:\/\/www.buchingerkuduz.com\/blog\/datenschutzerklaerung\/#breadcrumb\"},\"inLanguage\":\"de\",\"potentialAction\":[{\"@type\":\"ReadAction\",\"target\":[\"https:\/\/www.buchingerkuduz.com\/blog\/datenschutzerklaerung\/\"]}]},{\"@type\":\"BreadcrumbList\",\"@id\":\"https:\/\/www.buchingerkuduz.com\/blog\/datenschutzerklaerung\/#breadcrumb\",\"itemListElement\":[{\"@type\":\"ListItem\",\"position\":1,\"name\":\"Startseite\",\"item\":\"https:\/\/www.buchingerkuduz.com\/blog\/\"},{\"@type\":\"ListItem\",\"position\":2,\"name\":\"Datenschutzerkl\u00e4rung\"}]},{\"@type\":\"WebSite\",\"@id\":\"https:\/\/www.buchingerkuduz.com\/blog\/#website\",\"url\":\"https:\/\/www.buchingerkuduz.com\/blog\/\",\"name\":\"Restart Thinking\",\"description\":\"Ver\u00e4nderung. Denken. K\u00f6nnen.\",\"publisher\":{\"@id\":\"https:\/\/www.buchingerkuduz.com\/blog\/#organization\"},\"potentialAction\":[{\"@type\":\"SearchAction\",\"target\":{\"@type\":\"EntryPoint\",\"urlTemplate\":\"https:\/\/www.buchingerkuduz.com\/blog\/?s={search_term_string}\"},\"query-input\":{\"@type\":\"PropertyValueSpecification\",\"valueRequired\":true,\"valueName\":\"search_term_string\"}}],\"inLanguage\":\"de\"},{\"@type\":\"Organization\",\"@id\":\"https:\/\/www.buchingerkuduz.com\/blog\/#organization\",\"name\":\"Buchinger|Kuduz Dr. Mario Buchinger\",\"url\":\"https:\/\/www.buchingerkuduz.com\/blog\/\",\"logo\":{\"@type\":\"ImageObject\",\"inLanguage\":\"de\",\"@id\":\"https:\/\/www.buchingerkuduz.com\/blog\/#\/schema\/logo\/image\/\",\"url\":\"https:\/\/www.buchingerkuduz.com\/blog\/wp-content\/uploads\/2022\/03\/Logo_RestartThinking_pict_klein.png\",\"contentUrl\":\"https:\/\/www.buchingerkuduz.com\/blog\/wp-content\/uploads\/2022\/03\/Logo_RestartThinking_pict_klein.png\",\"width\":107,\"height\":80,\"caption\":\"Buchinger|Kuduz Dr. Mario Buchinger\"},\"image\":{\"@id\":\"https:\/\/www.buchingerkuduz.com\/blog\/#\/schema\/logo\/image\/\"},\"sameAs\":[\"https:\/\/www.linkedin.com\/company\/buchinger-kuduz\",\"https:\/\/www.youtube.com\/channel\/UCIm38XbFgUFykYVQXPSpxTw\/feed\"]}]}<\/script>\n<!-- \/ Yoast SEO plugin. -->","yoast_head_json":{"title":"Datenschutzerkl\u00e4rung - #RestartThinking","description":"Die Datenschutzerkl\u00e4rung des #RestartThinking Blogs gibt Auskunft ua. \u00fcber die erhobenen Daten, deren Verwendung, sowie die Rechte der betroffenen Personen.","robots":{"index":"index","follow":"follow","max-snippet":"max-snippet:-1","max-image-preview":"max-image-preview:large","max-video-preview":"max-video-preview:-1"},"canonical":"https:\/\/www.buchingerkuduz.com\/blog\/datenschutzerklaerung\/","og_locale":"de_DE","og_type":"article","og_title":"Datenschutzerkl\u00e4rung - #RestartThinking","og_description":"Die Datenschutzerkl\u00e4rung des #RestartThinking Blogs gibt Auskunft ua. \u00fcber die erhobenen Daten, deren Verwendung, sowie die Rechte der betroffenen Personen.","og_url":"https:\/\/www.buchingerkuduz.com\/blog\/datenschutzerklaerung\/","og_site_name":"#RestartThinking","article_modified_time":"2023-08-10T20:50:47+00:00","og_image":[{"width":1920,"height":415,"url":"https:\/\/www.buchingerkuduz.com\/blog\/wp-content\/uploads\/2022\/03\/Logo_RestartThinkingBlog.png","type":"image\/png"}],"twitter_card":"summary_large_image","twitter_misc":{"Gesch\u00e4tzte Lesezeit":"12\u00a0Minuten"},"schema":{"@context":"https:\/\/schema.org","@graph":[{"@type":"WebPage","@id":"https:\/\/www.buchingerkuduz.com\/blog\/datenschutzerklaerung\/","url":"https:\/\/www.buchingerkuduz.com\/blog\/datenschutzerklaerung\/","name":"Datenschutzerkl\u00e4rung - #RestartThinking","isPartOf":{"@id":"https:\/\/www.buchingerkuduz.com\/blog\/#website"},"datePublished":"2018-11-17T14:19:44+00:00","dateModified":"2023-08-10T20:50:47+00:00","description":"Die Datenschutzerkl\u00e4rung des #RestartThinking Blogs gibt Auskunft ua. \u00fcber die erhobenen Daten, deren Verwendung, sowie die Rechte der betroffenen Personen.","breadcrumb":{"@id":"https:\/\/www.buchingerkuduz.com\/blog\/datenschutzerklaerung\/#breadcrumb"},"inLanguage":"de","potentialAction":[{"@type":"ReadAction","target":["https:\/\/www.buchingerkuduz.com\/blog\/datenschutzerklaerung\/"]}]},{"@type":"BreadcrumbList","@id":"https:\/\/www.buchingerkuduz.com\/blog\/datenschutzerklaerung\/#breadcrumb","itemListElement":[{"@type":"ListItem","position":1,"name":"Startseite","item":"https:\/\/www.buchingerkuduz.com\/blog\/"},{"@type":"ListItem","position":2,"name":"Datenschutzerkl\u00e4rung"}]},{"@type":"WebSite","@id":"https:\/\/www.buchingerkuduz.com\/blog\/#website","url":"https:\/\/www.buchingerkuduz.com\/blog\/","name":"Restart Thinking","description":"Ver\u00e4nderung. Denken. K\u00f6nnen.","publisher":{"@id":"https:\/\/www.buchingerkuduz.com\/blog\/#organization"},"potentialAction":[{"@type":"SearchAction","target":{"@type":"EntryPoint","urlTemplate":"https:\/\/www.buchingerkuduz.com\/blog\/?s={search_term_string}"},"query-input":{"@type":"PropertyValueSpecification","valueRequired":true,"valueName":"search_term_string"}}],"inLanguage":"de"},{"@type":"Organization","@id":"https:\/\/www.buchingerkuduz.com\/blog\/#organization","name":"Buchinger|Kuduz Dr. Mario Buchinger","url":"https:\/\/www.buchingerkuduz.com\/blog\/","logo":{"@type":"ImageObject","inLanguage":"de","@id":"https:\/\/www.buchingerkuduz.com\/blog\/#\/schema\/logo\/image\/","url":"https:\/\/www.buchingerkuduz.com\/blog\/wp-content\/uploads\/2022\/03\/Logo_RestartThinking_pict_klein.png","contentUrl":"https:\/\/www.buchingerkuduz.com\/blog\/wp-content\/uploads\/2022\/03\/Logo_RestartThinking_pict_klein.png","width":107,"height":80,"caption":"Buchinger|Kuduz Dr. Mario Buchinger"},"image":{"@id":"https:\/\/www.buchingerkuduz.com\/blog\/#\/schema\/logo\/image\/"},"sameAs":["https:\/\/www.linkedin.com\/company\/buchinger-kuduz","https:\/\/www.youtube.com\/channel\/UCIm38XbFgUFykYVQXPSpxTw\/feed"]}]}},"_links":{"self":[{"href":"https:\/\/www.buchingerkuduz.com\/blog\/wp-json\/wp\/v2\/pages\/3","targetHints":{"allow":["GET"]}}],"collection":[{"href":"https:\/\/www.buchingerkuduz.com\/blog\/wp-json\/wp\/v2\/pages"}],"about":[{"href":"https:\/\/www.buchingerkuduz.com\/blog\/wp-json\/wp\/v2\/types\/page"}],"author":[{"embeddable":true,"href":"https:\/\/www.buchingerkuduz.com\/blog\/wp-json\/wp\/v2\/users\/1"}],"replies":[{"embeddable":true,"href":"https:\/\/www.buchingerkuduz.com\/blog\/wp-json\/wp\/v2\/comments?post=3"}],"version-history":[{"count":5,"href":"https:\/\/www.buchingerkuduz.com\/blog\/wp-json\/wp\/v2\/pages\/3\/revisions"}],"predecessor-version":[{"id":4766,"href":"https:\/\/www.buchingerkuduz.com\/blog\/wp-json\/wp\/v2\/pages\/3\/revisions\/4766"}],"wp:attachment":[{"href":"https:\/\/www.buchingerkuduz.com\/blog\/wp-json\/wp\/v2\/media?parent=3"}],"curies":[{"name":"wp","href":"https:\/\/api.w.org\/{rel}","templated":true}]}}