{"id":3071,"date":"2022-03-14T21:24:57","date_gmt":"2022-03-14T20:24:57","guid":{"rendered":"https:\/\/www.buchingerkuduz.com\/blog\/?page_id=3071"},"modified":"2022-12-08T19:24:55","modified_gmt":"2022-12-08T18:24:55","slug":"strategie","status":"publish","type":"page","link":"https:\/\/www.buchingerkuduz.com\/blog\/restartthinking-blog\/strategie\/","title":{"rendered":"Strategie"},"content":{"rendered":"\t\t<div data-elementor-type=\"wp-page\" data-elementor-id=\"3071\" class=\"elementor elementor-3071\">\n\t\t\t\t\t\t<section class=\"elementor-section elementor-top-section elementor-element elementor-element-9e76862 elementor-section-full_width she-header-yes elementor-section-height-default elementor-section-height-default wpr-particle-no wpr-jarallax-no wpr-parallax-no wpr-sticky-section-no wpr-equal-height-no\" data-id=\"9e76862\" data-element_type=\"section\" data-e-type=\"section\" data-settings=\"{&quot;transparent&quot;:&quot;yes&quot;,&quot;transparent_on&quot;:[&quot;desktop&quot;,&quot;tablet&quot;],&quot;background_show&quot;:&quot;yes&quot;,&quot;background&quot;:&quot;#FFFFFF&quot;,&quot;shrink_header&quot;:&quot;yes&quot;,&quot;custom_height_header&quot;:{&quot;unit&quot;:&quot;px&quot;,&quot;size&quot;:30,&quot;sizes&quot;:[]},&quot;shrink_header_logo&quot;:&quot;yes&quot;,&quot;blur_bg&quot;:&quot;yes&quot;,&quot;scroll_distance&quot;:{&quot;unit&quot;:&quot;px&quot;,&quot;size&quot;:60,&quot;sizes&quot;:[]},&quot;scroll_distance_tablet&quot;:{&quot;unit&quot;:&quot;px&quot;,&quot;size&quot;:&quot;&quot;,&quot;sizes&quot;:[]},&quot;scroll_distance_mobile&quot;:{&quot;unit&quot;:&quot;px&quot;,&quot;size&quot;:&quot;&quot;,&quot;sizes&quot;:[]},&quot;she_offset_top&quot;:{&quot;unit&quot;:&quot;px&quot;,&quot;size&quot;:0,&quot;sizes&quot;:[]},&quot;she_offset_top_tablet&quot;:{&quot;unit&quot;:&quot;px&quot;,&quot;size&quot;:&quot;&quot;,&quot;sizes&quot;:[]},&quot;she_offset_top_mobile&quot;:{&quot;unit&quot;:&quot;px&quot;,&quot;size&quot;:&quot;&quot;,&quot;sizes&quot;:[]},&quot;she_width&quot;:{&quot;unit&quot;:&quot;%&quot;,&quot;size&quot;:100,&quot;sizes&quot;:[]},&quot;she_width_tablet&quot;:{&quot;unit&quot;:&quot;px&quot;,&quot;size&quot;:&quot;&quot;,&quot;sizes&quot;:[]},&quot;she_width_mobile&quot;:{&quot;unit&quot;:&quot;px&quot;,&quot;size&quot;:&quot;&quot;,&quot;sizes&quot;:[]},&quot;she_padding&quot;:{&quot;unit&quot;:&quot;px&quot;,&quot;top&quot;:0,&quot;right&quot;:&quot;&quot;,&quot;bottom&quot;:0,&quot;left&quot;:&quot;&quot;,&quot;isLinked&quot;:true},&quot;she_padding_tablet&quot;:{&quot;unit&quot;:&quot;px&quot;,&quot;top&quot;:&quot;&quot;,&quot;right&quot;:&quot;&quot;,&quot;bottom&quot;:&quot;&quot;,&quot;left&quot;:&quot;&quot;,&quot;isLinked&quot;:true},&quot;she_padding_mobile&quot;:{&quot;unit&quot;:&quot;px&quot;,&quot;top&quot;:&quot;&quot;,&quot;right&quot;:&quot;&quot;,&quot;bottom&quot;:&quot;&quot;,&quot;left&quot;:&quot;&quot;,&quot;isLinked&quot;:true},&quot;custom_height_header_tablet&quot;:{&quot;unit&quot;:&quot;px&quot;,&quot;size&quot;:&quot;&quot;,&quot;sizes&quot;:[]},&quot;custom_height_header_mobile&quot;:{&quot;unit&quot;:&quot;px&quot;,&quot;size&quot;:&quot;&quot;,&quot;sizes&quot;:[]},&quot;custom_height_header_logo&quot;:{&quot;unit&quot;:&quot;px&quot;,&quot;size&quot;:100,&quot;sizes&quot;:[]},&quot;custom_height_header_logo_tablet&quot;:{&quot;unit&quot;:&quot;px&quot;,&quot;size&quot;:&quot;&quot;,&quot;sizes&quot;:[]},&quot;custom_height_header_logo_mobile&quot;:{&quot;unit&quot;:&quot;px&quot;,&quot;size&quot;:&quot;&quot;,&quot;sizes&quot;:[]},&quot;blur_bg_blur_amount&quot;:{&quot;unit&quot;:&quot;px&quot;,&quot;size&quot;:20,&quot;sizes&quot;:[]},&quot;blur_bg_saturate_amount&quot;:{&quot;unit&quot;:&quot;px&quot;,&quot;size&quot;:1.8,&quot;sizes&quot;:[]}}\">\n\t\t\t\t\t\t<div class=\"elementor-container elementor-column-gap-default\">\n\t\t\t\t\t<div class=\"elementor-column elementor-col-33 elementor-top-column elementor-element elementor-element-af521e0\" data-id=\"af521e0\" data-element_type=\"column\" data-e-type=\"column\">\n\t\t\t<div class=\"elementor-widget-wrap elementor-element-populated\">\n\t\t\t\t\t\t<div class=\"elementor-element elementor-element-61d87fe elementor-widget elementor-widget-image\" data-id=\"61d87fe\" data-element_type=\"widget\" data-e-type=\"widget\" data-widget_type=\"image.default\">\n\t\t\t\t<div class=\"elementor-widget-container\">\n\t\t\t\t\t\t\t\t\t\t\t\t\t\t\t\t<a href=\"https:\/\/www.buchingerkuduz.com\/blog\/\">\n\t\t\t\t\t\t\t<img decoding=\"async\" width=\"107\" height=\"80\" src=\"https:\/\/www.buchingerkuduz.com\/blog\/wp-content\/uploads\/2022\/03\/Logo_RestartThinking_pict_klein.png\" class=\"attachment-full size-full wp-image-2928\" alt=\"\" \/>\t\t\t\t\t\t\t\t<\/a>\n\t\t\t\t\t\t\t\t\t\t\t\t\t\t\t<\/div>\n\t\t\t\t<\/div>\n\t\t\t\t\t<\/div>\n\t\t<\/div>\n\t\t\t\t<div class=\"elementor-column elementor-col-33 elementor-top-column elementor-element elementor-element-b136a66\" data-id=\"b136a66\" data-element_type=\"column\" data-e-type=\"column\">\n\t\t\t<div class=\"elementor-widget-wrap elementor-element-populated\">\n\t\t\t\t\t\t<div class=\"elementor-element elementor-element-3e6d449 wpr-main-menu-align-center wpr-pointer-overline wpr-main-menu-align--tabletleft wpr-main-menu-align--mobileleft wpr-pointer-line-fx wpr-pointer-fx-fade wpr-sub-icon-caret-down wpr-sub-menu-fx-fade wpr-nav-menu-bp-tablet wpr-mobile-menu-display-dropdown wpr-mobile-menu-full-width wpr-mobile-toggle-v1 wpr-sub-divider-yes wpr-mobile-divider-yes elementor-widget elementor-widget-wpr-mega-menu\" data-id=\"3e6d449\" data-element_type=\"widget\" data-e-type=\"widget\" data-settings=\"{&quot;menu_layout&quot;:&quot;horizontal&quot;}\" data-widget_type=\"wpr-mega-menu.default\">\n\t\t\t\t<div class=\"elementor-widget-container\">\n\t\t\t\t\t<nav class=\"wpr-nav-menu-container wpr-mega-menu-container wpr-nav-menu-horizontal\" data-trigger=\"hover\"><ul id=\"menu-1-3e6d449\" class=\"wpr-nav-menu wpr-mega-menu\"><li class=\"menu-item menu-item-type-custom menu-item-object-custom menu-item-home menu-item-has-children menu-item-2973\"><a href=\"https:\/\/www.buchingerkuduz.com\/blog\/\" class=\"wpr-menu-item wpr-pointer-item\"><span>#RestartThinking<\/span><i class=\"wpr-sub-icon fas\" aria-hidden=\"true\"><\/i><\/a>\n<ul  class=\"sub-menu wpr-sub-menu\">\n\t<li class=\"menu-item menu-item-type-taxonomy menu-item-object-category menu-item-5193\"><a href=\"https:\/\/www.buchingerkuduz.com\/blog\/category\/nachhaltigkeit\/\" class=\"wpr-sub-menu-item\"><span>Nachhaltigkeit<\/span><\/a>\t<li class=\"menu-item menu-item-type-post_type menu-item-object-page menu-item-3088\"><a href=\"https:\/\/www.buchingerkuduz.com\/blog\/restartthinking-blog\/strategie\/\" class=\"wpr-sub-menu-item\"><span>Strategie<\/span><\/a>\t<li class=\"menu-item menu-item-type-post_type menu-item-object-page menu-item-3089\"><a href=\"https:\/\/www.buchingerkuduz.com\/blog\/restartthinking-blog\/praxis\/\" class=\"wpr-sub-menu-item\"><span>Praxis<\/span><\/a>\t<li class=\"menu-item menu-item-type-post_type menu-item-object-page menu-item-3005\"><a href=\"https:\/\/www.buchingerkuduz.com\/blog\/restartthinking-blog\/energiewende\/\" class=\"wpr-sub-menu-item\"><span>Energiewende<\/span><\/a>\t<li class=\"menu-item menu-item-type-post_type menu-item-object-page menu-item-3004\"><a href=\"https:\/\/www.buchingerkuduz.com\/blog\/restartthinking-blog\/mobilitaetswende\/\" class=\"wpr-sub-menu-item\"><span>Mobilit\u00e4tswende<\/span><\/a><\/ul>\n<\/li>\n<li class=\"menu-item menu-item-type-post_type menu-item-object-page menu-item-has-children menu-item-4457\"><a href=\"https:\/\/www.buchingerkuduz.com\/blog\/medien\/\" class=\"wpr-menu-item wpr-pointer-item\"><span>Medien<\/span><i class=\"wpr-sub-icon fas\" aria-hidden=\"true\"><\/i><\/a>\n<ul  class=\"sub-menu wpr-sub-menu\">\n\t<li class=\"menu-item menu-item-type-post_type menu-item-object-page menu-item-4458\"><a href=\"https:\/\/www.buchingerkuduz.com\/blog\/medien\/hall-of-fame\/\" class=\"wpr-sub-menu-item\"><span>Hall Of Fame<\/span><\/a>\t<li class=\"menu-item menu-item-type-post_type menu-item-object-page menu-item-4459\"><a href=\"https:\/\/www.buchingerkuduz.com\/blog\/medien\/hall-of-shame\/\" class=\"wpr-sub-menu-item\"><span>Hall Of Shame<\/span><\/a>\t<li class=\"menu-item menu-item-type-post_type menu-item-object-page menu-item-4460\"><a href=\"https:\/\/www.buchingerkuduz.com\/blog\/medien\/publikationen\/\" class=\"wpr-sub-menu-item\"><span>Publikationen<\/span><\/a><\/ul>\n<\/li>\n<li class=\"menu-item menu-item-type-post_type menu-item-object-page menu-item-5170\"><a href=\"https:\/\/www.buchingerkuduz.com\/blog\/begriffe-der-nachhaltigkeit\/\" class=\"wpr-menu-item wpr-pointer-item\"><span>Begriffe der Nachhaltigkeit<\/span><\/a><\/li>\n<li class=\"menu-item menu-item-type-post_type menu-item-object-page menu-item-2934\"><a href=\"https:\/\/www.buchingerkuduz.com\/blog\/ueber-uns\/\" class=\"wpr-menu-item wpr-pointer-item\"><span>\u00dcber uns<\/span><\/a><\/li>\n<li class=\"menu-item menu-item-type-post_type menu-item-object-page menu-item-2933\"><a href=\"https:\/\/www.buchingerkuduz.com\/blog\/kontakt\/\" class=\"wpr-menu-item wpr-pointer-item\"><span>Kontakt<\/span><\/a><\/li>\n<\/ul><\/nav><nav class=\"wpr-mobile-nav-menu-container\"><div class=\"wpr-mobile-toggle-wrap\"><div class=\"wpr-mobile-toggle\"><span class=\"wpr-mobile-toggle-line\"><\/span><span class=\"wpr-mobile-toggle-line\"><\/span><span class=\"wpr-mobile-toggle-line\"><\/span><\/div><\/div><div class=\"wpr-mobile-mega-menu-wrap \" toggle-backface=\"\"><ul id=\"mobile-menu-2-3e6d449\" class=\"wpr-mobile-nav-menu wpr-mobile-mega-menu\"><li class=\"menu-item menu-item-type-custom menu-item-object-custom menu-item-home menu-item-has-children menu-item-2973\"><a href=\"https:\/\/www.buchingerkuduz.com\/blog\/\" class=\"wpr-mobile-menu-item\">#RestartThinking<i class=\"wpr-mobile-sub-icon\"><\/i><\/a>\n<ul  class=\"sub-menu wpr-mobile-sub-menu\">\n\t<li class=\"menu-item menu-item-type-taxonomy menu-item-object-category menu-item-5193\"><a href=\"https:\/\/www.buchingerkuduz.com\/blog\/category\/nachhaltigkeit\/\" class=\"wpr-mobile-sub-menu-item\">Nachhaltigkeit<\/a>\t<li class=\"menu-item menu-item-type-post_type menu-item-object-page menu-item-3088\"><a href=\"https:\/\/www.buchingerkuduz.com\/blog\/restartthinking-blog\/strategie\/\" class=\"wpr-mobile-sub-menu-item\">Strategie<\/a>\t<li class=\"menu-item menu-item-type-post_type menu-item-object-page menu-item-3089\"><a href=\"https:\/\/www.buchingerkuduz.com\/blog\/restartthinking-blog\/praxis\/\" class=\"wpr-mobile-sub-menu-item\">Praxis<\/a>\t<li class=\"menu-item menu-item-type-post_type menu-item-object-page menu-item-3005\"><a href=\"https:\/\/www.buchingerkuduz.com\/blog\/restartthinking-blog\/energiewende\/\" class=\"wpr-mobile-sub-menu-item\">Energiewende<\/a>\t<li class=\"menu-item menu-item-type-post_type menu-item-object-page menu-item-3004\"><a href=\"https:\/\/www.buchingerkuduz.com\/blog\/restartthinking-blog\/mobilitaetswende\/\" class=\"wpr-mobile-sub-menu-item\">Mobilit\u00e4tswende<\/a><\/ul>\n<\/li>\n<li class=\"menu-item menu-item-type-post_type menu-item-object-page menu-item-has-children menu-item-4457\"><a href=\"https:\/\/www.buchingerkuduz.com\/blog\/medien\/\" class=\"wpr-mobile-menu-item\">Medien<i class=\"wpr-mobile-sub-icon\"><\/i><\/a>\n<ul  class=\"sub-menu wpr-mobile-sub-menu\">\n\t<li class=\"menu-item menu-item-type-post_type menu-item-object-page menu-item-4458\"><a href=\"https:\/\/www.buchingerkuduz.com\/blog\/medien\/hall-of-fame\/\" class=\"wpr-mobile-sub-menu-item\">Hall Of Fame<\/a>\t<li class=\"menu-item menu-item-type-post_type menu-item-object-page menu-item-4459\"><a href=\"https:\/\/www.buchingerkuduz.com\/blog\/medien\/hall-of-shame\/\" class=\"wpr-mobile-sub-menu-item\">Hall Of Shame<\/a>\t<li class=\"menu-item menu-item-type-post_type menu-item-object-page menu-item-4460\"><a href=\"https:\/\/www.buchingerkuduz.com\/blog\/medien\/publikationen\/\" class=\"wpr-mobile-sub-menu-item\">Publikationen<\/a><\/ul>\n<\/li>\n<li class=\"menu-item menu-item-type-post_type menu-item-object-page menu-item-5170\"><a href=\"https:\/\/www.buchingerkuduz.com\/blog\/begriffe-der-nachhaltigkeit\/\" class=\"wpr-mobile-menu-item\">Begriffe der Nachhaltigkeit<\/a><\/li>\n<li class=\"menu-item menu-item-type-post_type menu-item-object-page menu-item-2934\"><a href=\"https:\/\/www.buchingerkuduz.com\/blog\/ueber-uns\/\" class=\"wpr-mobile-menu-item\">\u00dcber uns<\/a><\/li>\n<li class=\"menu-item menu-item-type-post_type menu-item-object-page menu-item-2933\"><a href=\"https:\/\/www.buchingerkuduz.com\/blog\/kontakt\/\" class=\"wpr-mobile-menu-item\">Kontakt<\/a><\/li>\n<\/ul><\/div><\/nav>\t\t\t\t<\/div>\n\t\t\t\t<\/div>\n\t\t\t\t\t<\/div>\n\t\t<\/div>\n\t\t\t\t<div class=\"elementor-column elementor-col-33 elementor-top-column elementor-element elementor-element-c74f1db\" data-id=\"c74f1db\" data-element_type=\"column\" data-e-type=\"column\">\n\t\t\t<div class=\"elementor-widget-wrap\">\n\t\t\t\t\t\t\t<\/div>\n\t\t<\/div>\n\t\t\t\t\t<\/div>\n\t\t<\/section>\n\t\t\t\t<section class=\"elementor-section elementor-top-section elementor-element elementor-element-31965a4 elementor-section-full_width elementor-section-height-min-height elementor-section-height-default elementor-section-items-middle wpr-particle-no wpr-jarallax-no wpr-parallax-no wpr-sticky-section-no wpr-equal-height-no\" data-id=\"31965a4\" data-element_type=\"section\" data-e-type=\"section\" data-settings=\"{&quot;background_background&quot;:&quot;classic&quot;}\">\n\t\t\t\t\t\t<div class=\"elementor-container elementor-column-gap-default\">\n\t\t\t\t\t<div class=\"elementor-column elementor-col-100 elementor-top-column elementor-element elementor-element-5db354b\" data-id=\"5db354b\" data-element_type=\"column\" data-e-type=\"column\" data-settings=\"{&quot;background_background&quot;:&quot;classic&quot;}\">\n\t\t\t<div class=\"elementor-widget-wrap elementor-element-populated\">\n\t\t\t\t\t\t<div class=\"elementor-element elementor-element-40a71a3 elementor-widget elementor-widget-spacer\" data-id=\"40a71a3\" data-element_type=\"widget\" data-e-type=\"widget\" data-widget_type=\"spacer.default\">\n\t\t\t\t<div class=\"elementor-widget-container\">\n\t\t\t\t\t\t\t<div class=\"elementor-spacer\">\n\t\t\t<div class=\"elementor-spacer-inner\"><\/div>\n\t\t<\/div>\n\t\t\t\t\t\t<\/div>\n\t\t\t\t<\/div>\n\t\t\t\t<div class=\"elementor-element elementor-element-9819a0e elementor-widget elementor-widget-image\" data-id=\"9819a0e\" data-element_type=\"widget\" data-e-type=\"widget\" data-widget_type=\"image.default\">\n\t\t\t\t<div class=\"elementor-widget-container\">\n\t\t\t\t\t\t\t\t\t\t\t\t\t\t\t<img fetchpriority=\"high\" decoding=\"async\" width=\"768\" height=\"213\" src=\"https:\/\/www.buchingerkuduz.com\/blog\/wp-content\/uploads\/2022\/03\/Logo_RestartThinking-768x213.png\" class=\"attachment-medium_large size-medium_large wp-image-2647\" alt=\"#RestartThinking\" srcset=\"https:\/\/www.buchingerkuduz.com\/blog\/wp-content\/uploads\/2022\/03\/Logo_RestartThinking-768x213.png 768w, https:\/\/www.buchingerkuduz.com\/blog\/wp-content\/uploads\/2022\/03\/Logo_RestartThinking-300x83.png 300w, https:\/\/www.buchingerkuduz.com\/blog\/wp-content\/uploads\/2022\/03\/Logo_RestartThinking-1024x283.png 1024w, https:\/\/www.buchingerkuduz.com\/blog\/wp-content\/uploads\/2022\/03\/Logo_RestartThinking-600x166.png 600w, https:\/\/www.buchingerkuduz.com\/blog\/wp-content\/uploads\/2022\/03\/Logo_RestartThinking.png 1398w\" sizes=\"(max-width: 768px) 100vw, 768px\" \/>\t\t\t\t\t\t\t\t\t\t\t\t\t\t\t<\/div>\n\t\t\t\t<\/div>\n\t\t\t\t<div class=\"elementor-element elementor-element-a0d47c4 elementor-widget elementor-widget-spacer\" data-id=\"a0d47c4\" data-element_type=\"widget\" data-e-type=\"widget\" data-widget_type=\"spacer.default\">\n\t\t\t\t<div class=\"elementor-widget-container\">\n\t\t\t\t\t\t\t<div class=\"elementor-spacer\">\n\t\t\t<div class=\"elementor-spacer-inner\"><\/div>\n\t\t<\/div>\n\t\t\t\t\t\t<\/div>\n\t\t\t\t<\/div>\n\t\t\t\t\t<\/div>\n\t\t<\/div>\n\t\t\t\t\t<\/div>\n\t\t<\/section>\n\t\t\t\t<section class=\"elementor-section elementor-top-section elementor-element elementor-element-894ed52 elementor-section-full_width elementor-section-height-default elementor-section-height-default wpr-particle-no wpr-jarallax-no wpr-parallax-no wpr-sticky-section-no wpr-equal-height-no\" data-id=\"894ed52\" data-element_type=\"section\" data-e-type=\"section\">\n\t\t\t\t\t\t<div class=\"elementor-container elementor-column-gap-default\">\n\t\t\t\t\t<div class=\"elementor-column elementor-col-33 elementor-top-column elementor-element elementor-element-4d4d993\" data-id=\"4d4d993\" data-element_type=\"column\" data-e-type=\"column\">\n\t\t\t<div class=\"elementor-widget-wrap elementor-element-populated\">\n\t\t\t\t\t\t<div class=\"elementor-element elementor-element-991a1a2 elementor-widget elementor-widget-shortcode\" data-id=\"991a1a2\" data-element_type=\"widget\" data-e-type=\"widget\" data-widget_type=\"shortcode.default\">\n\t\t\t\t<div class=\"elementor-widget-container\">\n\t\t\t\t\t\t\t<div class=\"elementor-shortcode\"><span><span><a href=\"https:\/\/www.buchingerkuduz.com\/blog\/\">Startseite<\/a><\/span><\/span><\/div>\n\t\t\t\t\t\t<\/div>\n\t\t\t\t<\/div>\n\t\t\t\t\t<\/div>\n\t\t<\/div>\n\t\t\t\t<div class=\"elementor-column elementor-col-66 elementor-top-column elementor-element elementor-element-657df6c\" data-id=\"657df6c\" data-element_type=\"column\" data-e-type=\"column\">\n\t\t\t<div class=\"elementor-widget-wrap\">\n\t\t\t\t\t\t\t<\/div>\n\t\t<\/div>\n\t\t\t\t\t<\/div>\n\t\t<\/section>\n\t\t\t\t<section class=\"elementor-section elementor-top-section elementor-element elementor-element-d61efc8 elementor-section-full_width elementor-section-height-default elementor-section-height-default wpr-particle-no wpr-jarallax-no wpr-parallax-no wpr-sticky-section-no wpr-equal-height-no\" data-id=\"d61efc8\" data-element_type=\"section\" data-e-type=\"section\">\n\t\t\t\t\t\t<div class=\"elementor-container elementor-column-gap-default\">\n\t\t\t\t\t<div class=\"elementor-column elementor-col-50 elementor-top-column elementor-element elementor-element-74e60ac\" data-id=\"74e60ac\" data-element_type=\"column\" data-e-type=\"column\">\n\t\t\t<div class=\"elementor-widget-wrap elementor-element-populated\">\n\t\t\t\t\t\t<div class=\"elementor-element elementor-element-e04cc58 elementor-widget elementor-widget-text-editor\" data-id=\"e04cc58\" data-element_type=\"widget\" data-e-type=\"widget\" data-widget_type=\"text-editor.default\">\n\t\t\t\t<div class=\"elementor-widget-container\">\n\t\t\t\t\t\t\t\t\t<h5><span style=\"color: #3f5e8d;\">STRATEGIE<\/span><\/h5><p>Welche Rahmenbedingungen braucht es und was gilt es zu beachten um wirkliche Ver\u00e4nderungen umzusetzen? In dieser Rubrik finden Sie verschiedene Bereiche, die die Strategie beeinflussen und Klima-Transformation erst m\u00f6glich machen. Kommen Sie mit auf Ihren Weg zur Ver\u00e4nderungsf\u00e4higkeit.\u00a0<\/p>\t\t\t\t\t\t\t\t<\/div>\n\t\t\t\t<\/div>\n\t\t\t\t\t<\/div>\n\t\t<\/div>\n\t\t\t\t<div class=\"elementor-column elementor-col-50 elementor-top-column elementor-element elementor-element-b4f5a8b\" data-id=\"b4f5a8b\" data-element_type=\"column\" data-e-type=\"column\">\n\t\t\t<div class=\"elementor-widget-wrap elementor-element-populated\">\n\t\t\t\t\t\t<div class=\"elementor-element elementor-element-89347c8 elementor-widget elementor-widget-spacer\" data-id=\"89347c8\" data-element_type=\"widget\" data-e-type=\"widget\" data-widget_type=\"spacer.default\">\n\t\t\t\t<div class=\"elementor-widget-container\">\n\t\t\t\t\t\t\t<div class=\"elementor-spacer\">\n\t\t\t<div class=\"elementor-spacer-inner\"><\/div>\n\t\t<\/div>\n\t\t\t\t\t\t<\/div>\n\t\t\t\t<\/div>\n\t\t\t\t\t<\/div>\n\t\t<\/div>\n\t\t\t\t\t<\/div>\n\t\t<\/section>\n\t\t\t\t<section class=\"elementor-section elementor-top-section elementor-element elementor-element-ce132fd elementor-section-full_width elementor-section-height-default elementor-section-height-default wpr-particle-no wpr-jarallax-no wpr-parallax-no wpr-sticky-section-no wpr-equal-height-no\" data-id=\"ce132fd\" data-element_type=\"section\" data-e-type=\"section\">\n\t\t\t\t\t\t<div class=\"elementor-container elementor-column-gap-default\">\n\t\t\t\t\t<div class=\"elementor-column elementor-col-100 elementor-top-column elementor-element elementor-element-dee569a\" data-id=\"dee569a\" data-element_type=\"column\" data-e-type=\"column\">\n\t\t\t<div class=\"elementor-widget-wrap elementor-element-populated\">\n\t\t\t\t\t\t<div class=\"elementor-element elementor-element-e6c9410 elementor-widget elementor-widget-upk-alice-grid\" data-id=\"e6c9410\" data-element_type=\"widget\" data-e-type=\"widget\" data-widget_type=\"upk-alice-grid.default\">\n\t\t\t\t<div class=\"elementor-widget-container\">\n\t\t\t\t\t\t\t<div class=\"upk-alice-grid upk-ajax-grid\" data-loadmore=\"[]\">\n\t\t\t<div class=\"upk-alice-wrap upk-ajax-grid-wrap upk-content-bottom-center upk-style-1\">\n\t\t\t\t\t\t\t\t\t\t\t<div class=\"upk-item\">\n\t\t\t<div class=\"upk-item-box\">\n\t\t\t\t<div class=\"upk-img-wrap\">\n\t\t\t\t\t<img decoding=\"async\" width=\"730\" height=\"420\" src=\"https:\/\/www.buchingerkuduz.com\/blog\/wp-content\/uploads\/RestartThinking-Blog_Nachhaltigkeit-wichtig-strategische-Unternehmensentwicklung.jpg\" class=\"upk-img\" alt=\"Warum bleibt Nachhaltigkeit wichtig?\" srcset=\"https:\/\/www.buchingerkuduz.com\/blog\/wp-content\/uploads\/RestartThinking-Blog_Nachhaltigkeit-wichtig-strategische-Unternehmensentwicklung.jpg 730w, https:\/\/www.buchingerkuduz.com\/blog\/wp-content\/uploads\/RestartThinking-Blog_Nachhaltigkeit-wichtig-strategische-Unternehmensentwicklung-300x173.jpg 300w, https:\/\/www.buchingerkuduz.com\/blog\/wp-content\/uploads\/RestartThinking-Blog_Nachhaltigkeit-wichtig-strategische-Unternehmensentwicklung-600x345.jpg 600w\" sizes=\"(max-width: 730px) 100vw, 730px\" \/>\t\t\t\t<\/div>\n\t\t\t\t\t\t<div class=\"upk-category\">\n\t\t\t<a href=\"https:\/\/www.buchingerkuduz.com\/blog\/category\/nachhaltigkeit\/\" \n\t\t\t\t\t\t\taria-label=\"Category Nachhaltigkeit\">Nachhaltigkeit<\/a> <a href=\"https:\/\/www.buchingerkuduz.com\/blog\/category\/strategie\/\" \n\t\t\t\t\t\t\taria-label=\"Category Strategie\">Strategie<\/a>\t\t<\/div>\n\t\t\t\t\t<div class=\"upk-content\">\n\t\t\t\t\t<h3 class=\"upk-title\"><a href=\"https:\/\/www.buchingerkuduz.com\/blog\/warum-bleibt-nachhaltigkeit-wichtig\/\" title=\"Warum bleibt Nachhaltigkeit wichtig?\" class=\"title-animation-underline\" aria-label=\"Warum bleibt Nachhaltigkeit wichtig?\">Warum bleibt Nachhaltigkeit wichtig?<\/a><\/h3>\n\t\t\t\t\t\t\t\t\t\t<div class=\"upk-meta\">\n\t\t\t\t\t\t\t\t\t\t\t\t<div data-separator=\".\">\n\t\t\t\t\t\t\t\t<div class=\"upk-date\">\n\t\t\t30. Juni 2025\t\t<\/div>\n\n\t\t\t\t\t\t\t\t\t<\/div>\n\t\t\t\t\t\t\t\t\t\t\t<\/div>\n\t\t\t\t\t\n\t\t\t\t<\/div>\n\t\t\t<\/div>\n\t\t<\/div>\n\t\t\t\t\t\t\t\t\t\t\t\t<div class=\"upk-item\">\n\t\t\t<div class=\"upk-item-box\">\n\t\t\t\t<div class=\"upk-img-wrap\">\n\t\t\t\t\t<img loading=\"lazy\" decoding=\"async\" width=\"730\" height=\"420\" src=\"https:\/\/www.buchingerkuduz.com\/blog\/wp-content\/uploads\/RestartThinking-Blog_89-percent-klimaschutz-1.jpg\" class=\"upk-img\" alt=\"89 Prozent &#8211; die schweigende Mehrheit, die mehr Klimaschutz will\" srcset=\"https:\/\/www.buchingerkuduz.com\/blog\/wp-content\/uploads\/RestartThinking-Blog_89-percent-klimaschutz-1.jpg 730w, https:\/\/www.buchingerkuduz.com\/blog\/wp-content\/uploads\/RestartThinking-Blog_89-percent-klimaschutz-1-300x173.jpg 300w, https:\/\/www.buchingerkuduz.com\/blog\/wp-content\/uploads\/RestartThinking-Blog_89-percent-klimaschutz-1-600x345.jpg 600w\" sizes=\"(max-width: 730px) 100vw, 730px\" \/>\t\t\t\t<\/div>\n\t\t\t\t\t\t<div class=\"upk-category\">\n\t\t\t<a href=\"https:\/\/www.buchingerkuduz.com\/blog\/category\/nachhaltigkeit\/\" \n\t\t\t\t\t\t\taria-label=\"Category Nachhaltigkeit\">Nachhaltigkeit<\/a> <a href=\"https:\/\/www.buchingerkuduz.com\/blog\/category\/strategie\/\" \n\t\t\t\t\t\t\taria-label=\"Category Strategie\">Strategie<\/a>\t\t<\/div>\n\t\t\t\t\t<div class=\"upk-content\">\n\t\t\t\t\t<h3 class=\"upk-title\"><a href=\"https:\/\/www.buchingerkuduz.com\/blog\/89-prozent-die-schweigende-mehrheit-die-mehr-klimaschutz-will\/\" title=\"89 Prozent &#8211; die schweigende Mehrheit, die mehr Klimaschutz will\" class=\"title-animation-underline\" aria-label=\"89 Prozent &#8211; die schweigende Mehrheit, die mehr Klimaschutz will\">89 Prozent &#8211; die schweigende Mehrheit, die mehr Klimaschutz will<\/a><\/h3>\n\t\t\t\t\t\t\t\t\t\t<div class=\"upk-meta\">\n\t\t\t\t\t\t\t\t\t\t\t\t<div data-separator=\".\">\n\t\t\t\t\t\t\t\t<div class=\"upk-date\">\n\t\t\t21. April 2025\t\t<\/div>\n\n\t\t\t\t\t\t\t\t\t<\/div>\n\t\t\t\t\t\t\t\t\t\t\t<\/div>\n\t\t\t\t\t\n\t\t\t\t<\/div>\n\t\t\t<\/div>\n\t\t<\/div>\n\t\t\t\t\t\t\t\t\t\t\t\t<div class=\"upk-item\">\n\t\t\t<div class=\"upk-item-box\">\n\t\t\t\t<div class=\"upk-img-wrap\">\n\t\t\t\t\t<img loading=\"lazy\" decoding=\"async\" width=\"730\" height=\"420\" src=\"https:\/\/www.buchingerkuduz.com\/blog\/wp-content\/uploads\/RestartThinking-Blog_Begriffe-der-Nachhaltigkeit.jpg\" class=\"upk-img\" alt=\"Begriffe der Nachhaltigkeit\" srcset=\"https:\/\/www.buchingerkuduz.com\/blog\/wp-content\/uploads\/RestartThinking-Blog_Begriffe-der-Nachhaltigkeit.jpg 730w, https:\/\/www.buchingerkuduz.com\/blog\/wp-content\/uploads\/RestartThinking-Blog_Begriffe-der-Nachhaltigkeit-300x173.jpg 300w, https:\/\/www.buchingerkuduz.com\/blog\/wp-content\/uploads\/RestartThinking-Blog_Begriffe-der-Nachhaltigkeit-600x345.jpg 600w\" sizes=\"(max-width: 730px) 100vw, 730px\" \/>\t\t\t\t<\/div>\n\t\t\t\t\t\t<div class=\"upk-category\">\n\t\t\t<a href=\"https:\/\/www.buchingerkuduz.com\/blog\/category\/nachhaltigkeit\/\" \n\t\t\t\t\t\t\taria-label=\"Category Nachhaltigkeit\">Nachhaltigkeit<\/a> <a href=\"https:\/\/www.buchingerkuduz.com\/blog\/category\/strategie\/\" \n\t\t\t\t\t\t\taria-label=\"Category Strategie\">Strategie<\/a>\t\t<\/div>\n\t\t\t\t\t<div class=\"upk-content\">\n\t\t\t\t\t<h3 class=\"upk-title\"><a href=\"https:\/\/www.buchingerkuduz.com\/blog\/begriffe-der-nachhaltigkeit-erklaert\/\" title=\"Begriffe der Nachhaltigkeit\" class=\"title-animation-underline\" aria-label=\"Begriffe der Nachhaltigkeit\">Begriffe der Nachhaltigkeit<\/a><\/h3>\n\t\t\t\t\t\t\t\t\t\t<div class=\"upk-meta\">\n\t\t\t\t\t\t\t\t\t\t\t\t<div data-separator=\".\">\n\t\t\t\t\t\t\t\t<div class=\"upk-date\">\n\t\t\t31. Oktober 2024\t\t<\/div>\n\n\t\t\t\t\t\t\t\t\t<\/div>\n\t\t\t\t\t\t\t\t\t\t\t<\/div>\n\t\t\t\t\t\n\t\t\t\t<\/div>\n\t\t\t<\/div>\n\t\t<\/div>\n\t\t\t\t\t\t\t\t\t\t\t\t<div class=\"upk-item\">\n\t\t\t<div class=\"upk-item-box\">\n\t\t\t\t<div class=\"upk-img-wrap\">\n\t\t\t\t\t<img loading=\"lazy\" decoding=\"async\" width=\"730\" height=\"420\" src=\"https:\/\/www.buchingerkuduz.com\/blog\/wp-content\/uploads\/RestartThinkingBlog_Ich-bin-schlecht-fuers-BIP.jpg\" class=\"upk-img\" alt=\"Ich bin schlecht f\u00fcrs BIP\" srcset=\"https:\/\/www.buchingerkuduz.com\/blog\/wp-content\/uploads\/RestartThinkingBlog_Ich-bin-schlecht-fuers-BIP.jpg 730w, https:\/\/www.buchingerkuduz.com\/blog\/wp-content\/uploads\/RestartThinkingBlog_Ich-bin-schlecht-fuers-BIP-300x173.jpg 300w, https:\/\/www.buchingerkuduz.com\/blog\/wp-content\/uploads\/RestartThinkingBlog_Ich-bin-schlecht-fuers-BIP-600x345.jpg 600w\" sizes=\"(max-width: 730px) 100vw, 730px\" \/>\t\t\t\t<\/div>\n\t\t\t\t\t\t<div class=\"upk-category\">\n\t\t\t<a href=\"https:\/\/www.buchingerkuduz.com\/blog\/category\/strategie\/\" \n\t\t\t\t\t\t\taria-label=\"Category Strategie\">Strategie<\/a>\t\t<\/div>\n\t\t\t\t\t<div class=\"upk-content\">\n\t\t\t\t\t<h3 class=\"upk-title\"><a href=\"https:\/\/www.buchingerkuduz.com\/blog\/ich-bin-schlecht-fuers-bip\/\" title=\"Ich bin schlecht f\u00fcrs BIP\" class=\"title-animation-underline\" aria-label=\"Ich bin schlecht f\u00fcrs BIP\">Ich bin schlecht f\u00fcrs BIP<\/a><\/h3>\n\t\t\t\t\t\t\t\t\t\t<div class=\"upk-meta\">\n\t\t\t\t\t\t\t\t\t\t\t\t<div data-separator=\".\">\n\t\t\t\t\t\t\t\t<div class=\"upk-date\">\n\t\t\t29. Mai 2024\t\t<\/div>\n\n\t\t\t\t\t\t\t\t\t<\/div>\n\t\t\t\t\t\t\t\t\t\t\t<\/div>\n\t\t\t\t\t\n\t\t\t\t<\/div>\n\t\t\t<\/div>\n\t\t<\/div>\n\t\t\t\t\t\t\t\t\t\t\t\t<div class=\"upk-item\">\n\t\t\t<div class=\"upk-item-box\">\n\t\t\t\t<div class=\"upk-img-wrap\">\n\t\t\t\t\t<img loading=\"lazy\" decoding=\"async\" width=\"730\" height=\"420\" src=\"https:\/\/www.buchingerkuduz.com\/blog\/wp-content\/uploads\/RestartThinking-Blog_EU-Emissionshandel_ETS-CBAM-CDR.jpg\" class=\"upk-img\" alt=\"\u00dcberblick \u00fcber den europ\u00e4ischen Emissionshandel\" srcset=\"https:\/\/www.buchingerkuduz.com\/blog\/wp-content\/uploads\/RestartThinking-Blog_EU-Emissionshandel_ETS-CBAM-CDR.jpg 730w, https:\/\/www.buchingerkuduz.com\/blog\/wp-content\/uploads\/RestartThinking-Blog_EU-Emissionshandel_ETS-CBAM-CDR-300x173.jpg 300w, https:\/\/www.buchingerkuduz.com\/blog\/wp-content\/uploads\/RestartThinking-Blog_EU-Emissionshandel_ETS-CBAM-CDR-600x345.jpg 600w\" sizes=\"(max-width: 730px) 100vw, 730px\" \/>\t\t\t\t<\/div>\n\t\t\t\t\t\t<div class=\"upk-category\">\n\t\t\t<a href=\"https:\/\/www.buchingerkuduz.com\/blog\/category\/energiewende\/\" \n\t\t\t\t\t\t\taria-label=\"Category Energiewende\">Energiewende<\/a> <a href=\"https:\/\/www.buchingerkuduz.com\/blog\/category\/praxis\/\" \n\t\t\t\t\t\t\taria-label=\"Category Praxis\">Praxis<\/a> <a href=\"https:\/\/www.buchingerkuduz.com\/blog\/category\/strategie\/\" \n\t\t\t\t\t\t\taria-label=\"Category Strategie\">Strategie<\/a>\t\t<\/div>\n\t\t\t\t\t<div class=\"upk-content\">\n\t\t\t\t\t<h3 class=\"upk-title\"><a href=\"https:\/\/www.buchingerkuduz.com\/blog\/ueberblick-ueber-den-europaeischen-emissionshandel\/\" title=\"\u00dcberblick \u00fcber den europ\u00e4ischen Emissionshandel\" class=\"title-animation-underline\" aria-label=\"\u00dcberblick \u00fcber den europ\u00e4ischen Emissionshandel\">\u00dcberblick \u00fcber den europ\u00e4ischen Emissionshandel<\/a><\/h3>\n\t\t\t\t\t\t\t\t\t\t<div class=\"upk-meta\">\n\t\t\t\t\t\t\t\t\t\t\t\t<div data-separator=\".\">\n\t\t\t\t\t\t\t\t<div class=\"upk-date\">\n\t\t\t30. April 2024\t\t<\/div>\n\n\t\t\t\t\t\t\t\t\t<\/div>\n\t\t\t\t\t\t\t\t\t\t\t<\/div>\n\t\t\t\t\t\n\t\t\t\t<\/div>\n\t\t\t<\/div>\n\t\t<\/div>\n\t\t\t\t\t\t\t\t\t\t\t\t<div class=\"upk-item\">\n\t\t\t<div class=\"upk-item-box\">\n\t\t\t\t<div class=\"upk-img-wrap\">\n\t\t\t\t\t<img loading=\"lazy\" decoding=\"async\" width=\"730\" height=\"420\" src=\"https:\/\/www.buchingerkuduz.com\/blog\/wp-content\/uploads\/RestartThinking-Blog_Weihnachten2023.jpg\" class=\"upk-img\" alt=\"Bald ist Weihnachten&#8230;\" srcset=\"https:\/\/www.buchingerkuduz.com\/blog\/wp-content\/uploads\/RestartThinking-Blog_Weihnachten2023.jpg 730w, https:\/\/www.buchingerkuduz.com\/blog\/wp-content\/uploads\/RestartThinking-Blog_Weihnachten2023-300x173.jpg 300w, https:\/\/www.buchingerkuduz.com\/blog\/wp-content\/uploads\/RestartThinking-Blog_Weihnachten2023-600x345.jpg 600w\" sizes=\"(max-width: 730px) 100vw, 730px\" \/>\t\t\t\t<\/div>\n\t\t\t\t\t\t<div class=\"upk-category\">\n\t\t\t<a href=\"https:\/\/www.buchingerkuduz.com\/blog\/category\/nachhaltigkeit\/\" \n\t\t\t\t\t\t\taria-label=\"Category Nachhaltigkeit\">Nachhaltigkeit<\/a> <a href=\"https:\/\/www.buchingerkuduz.com\/blog\/category\/strategie\/\" \n\t\t\t\t\t\t\taria-label=\"Category Strategie\">Strategie<\/a>\t\t<\/div>\n\t\t\t\t\t<div class=\"upk-content\">\n\t\t\t\t\t<h3 class=\"upk-title\"><a href=\"https:\/\/www.buchingerkuduz.com\/blog\/weihnachten-2023\/\" title=\"Bald ist Weihnachten&#8230;\" class=\"title-animation-underline\" aria-label=\"Bald ist Weihnachten&#8230;\">Bald ist Weihnachten&#8230;<\/a><\/h3>\n\t\t\t\t\t\t\t\t\t\t<div class=\"upk-meta\">\n\t\t\t\t\t\t\t\t\t\t\t\t<div data-separator=\".\">\n\t\t\t\t\t\t\t\t<div class=\"upk-date\">\n\t\t\t22. Dezember 2023\t\t<\/div>\n\n\t\t\t\t\t\t\t\t\t<\/div>\n\t\t\t\t\t\t\t\t\t\t\t<\/div>\n\t\t\t\t\t\n\t\t\t\t<\/div>\n\t\t\t<\/div>\n\t\t<\/div>\n\t\t\t\t\t\t\t\t\t\t\t\t<div class=\"upk-item\">\n\t\t\t<div class=\"upk-item-box\">\n\t\t\t\t<div class=\"upk-img-wrap\">\n\t\t\t\t\t<img loading=\"lazy\" decoding=\"async\" width=\"730\" height=\"420\" src=\"https:\/\/www.buchingerkuduz.com\/blog\/wp-content\/uploads\/RestartThinking-Blog_Verbrenner-Aus.jpg\" class=\"upk-img\" alt=\"Verbrenner-Aus ab 2035? Ideologie versus Realit\u00e4t\" srcset=\"https:\/\/www.buchingerkuduz.com\/blog\/wp-content\/uploads\/RestartThinking-Blog_Verbrenner-Aus.jpg 730w, https:\/\/www.buchingerkuduz.com\/blog\/wp-content\/uploads\/RestartThinking-Blog_Verbrenner-Aus-300x173.jpg 300w, https:\/\/www.buchingerkuduz.com\/blog\/wp-content\/uploads\/RestartThinking-Blog_Verbrenner-Aus-600x345.jpg 600w\" sizes=\"(max-width: 730px) 100vw, 730px\" \/>\t\t\t\t<\/div>\n\t\t\t\t\t\t<div class=\"upk-category\">\n\t\t\t<a href=\"https:\/\/www.buchingerkuduz.com\/blog\/category\/mobilitaet\/\" \n\t\t\t\t\t\t\taria-label=\"Category Mobilit\u00e4tswende\">Mobilit\u00e4tswende<\/a> <a href=\"https:\/\/www.buchingerkuduz.com\/blog\/category\/strategie\/\" \n\t\t\t\t\t\t\taria-label=\"Category Strategie\">Strategie<\/a>\t\t<\/div>\n\t\t\t\t\t<div class=\"upk-content\">\n\t\t\t\t\t<h3 class=\"upk-title\"><a href=\"https:\/\/www.buchingerkuduz.com\/blog\/verbrenner-aus-ab-2035-ideologie-versus-realitaet\/\" title=\"Verbrenner-Aus ab 2035? Ideologie versus Realit\u00e4t\" class=\"title-animation-underline\" aria-label=\"Verbrenner-Aus ab 2035? Ideologie versus Realit\u00e4t\">Verbrenner-Aus ab 2035? Ideologie versus Realit\u00e4t<\/a><\/h3>\n\t\t\t\t\t\t\t\t\t\t<div class=\"upk-meta\">\n\t\t\t\t\t\t\t\t\t\t\t\t<div data-separator=\".\">\n\t\t\t\t\t\t\t\t<div class=\"upk-date\">\n\t\t\t30. November 2023\t\t<\/div>\n\n\t\t\t\t\t\t\t\t\t<\/div>\n\t\t\t\t\t\t\t\t\t\t\t<\/div>\n\t\t\t\t\t\n\t\t\t\t<\/div>\n\t\t\t<\/div>\n\t\t<\/div>\n\t\t\t\t\t\t\t\t\t\t\t\t<div class=\"upk-item\">\n\t\t\t<div class=\"upk-item-box\">\n\t\t\t\t<div class=\"upk-img-wrap\">\n\t\t\t\t\t<img loading=\"lazy\" decoding=\"async\" width=\"730\" height=\"420\" src=\"https:\/\/www.buchingerkuduz.com\/blog\/wp-content\/uploads\/RestartThinking-Blog_Nachhaltigkeitsbericht-auch-bei-KMUs.jpg\" class=\"upk-img\" alt=\"Nachhaltigkeitsbericht \u2013 auch bei KMUs\" srcset=\"https:\/\/www.buchingerkuduz.com\/blog\/wp-content\/uploads\/RestartThinking-Blog_Nachhaltigkeitsbericht-auch-bei-KMUs.jpg 730w, https:\/\/www.buchingerkuduz.com\/blog\/wp-content\/uploads\/RestartThinking-Blog_Nachhaltigkeitsbericht-auch-bei-KMUs-300x173.jpg 300w, https:\/\/www.buchingerkuduz.com\/blog\/wp-content\/uploads\/RestartThinking-Blog_Nachhaltigkeitsbericht-auch-bei-KMUs-600x345.jpg 600w\" sizes=\"(max-width: 730px) 100vw, 730px\" \/>\t\t\t\t<\/div>\n\t\t\t\t\t\t<div class=\"upk-category\">\n\t\t\t<a href=\"https:\/\/www.buchingerkuduz.com\/blog\/category\/nachhaltigkeit\/\" \n\t\t\t\t\t\t\taria-label=\"Category Nachhaltigkeit\">Nachhaltigkeit<\/a> <a href=\"https:\/\/www.buchingerkuduz.com\/blog\/category\/praxis\/\" \n\t\t\t\t\t\t\taria-label=\"Category Praxis\">Praxis<\/a> <a href=\"https:\/\/www.buchingerkuduz.com\/blog\/category\/strategie\/\" \n\t\t\t\t\t\t\taria-label=\"Category Strategie\">Strategie<\/a>\t\t<\/div>\n\t\t\t\t\t<div class=\"upk-content\">\n\t\t\t\t\t<h3 class=\"upk-title\"><a href=\"https:\/\/www.buchingerkuduz.com\/blog\/nachhaltigkeitsbericht-auch-bei-kmus\/\" title=\"Nachhaltigkeitsbericht \u2013 auch bei KMUs\" class=\"title-animation-underline\" aria-label=\"Nachhaltigkeitsbericht \u2013 auch bei KMUs\">Nachhaltigkeitsbericht \u2013 auch bei KMUs<\/a><\/h3>\n\t\t\t\t\t\t\t\t\t\t<div class=\"upk-meta\">\n\t\t\t\t\t\t\t\t\t\t\t\t<div data-separator=\".\">\n\t\t\t\t\t\t\t\t<div class=\"upk-date\">\n\t\t\t27. Juli 2023\t\t<\/div>\n\n\t\t\t\t\t\t\t\t\t<\/div>\n\t\t\t\t\t\t\t\t\t\t\t<\/div>\n\t\t\t\t\t\n\t\t\t\t<\/div>\n\t\t\t<\/div>\n\t\t<\/div>\n\t\t\t\t\t\t\t\t\t\t\t\t<div class=\"upk-item\">\n\t\t\t<div class=\"upk-item-box\">\n\t\t\t\t<div class=\"upk-img-wrap\">\n\t\t\t\t\t<img loading=\"lazy\" decoding=\"async\" width=\"730\" height=\"420\" src=\"https:\/\/www.buchingerkuduz.com\/blog\/wp-content\/uploads\/BuchingerKuduz_Aktionstage-Nachhaltigkeit_2023-01.jpg\" class=\"upk-img\" alt=\"Aktionstage f\u00fcr Nachhaltigkeit 2023\" srcset=\"https:\/\/www.buchingerkuduz.com\/blog\/wp-content\/uploads\/BuchingerKuduz_Aktionstage-Nachhaltigkeit_2023-01.jpg 730w, https:\/\/www.buchingerkuduz.com\/blog\/wp-content\/uploads\/BuchingerKuduz_Aktionstage-Nachhaltigkeit_2023-01-300x173.jpg 300w, https:\/\/www.buchingerkuduz.com\/blog\/wp-content\/uploads\/BuchingerKuduz_Aktionstage-Nachhaltigkeit_2023-01-600x345.jpg 600w\" sizes=\"(max-width: 730px) 100vw, 730px\" \/>\t\t\t\t<\/div>\n\t\t\t\t\t\t<div class=\"upk-category\">\n\t\t\t<a href=\"https:\/\/www.buchingerkuduz.com\/blog\/category\/nachhaltigkeit\/\" \n\t\t\t\t\t\t\taria-label=\"Category Nachhaltigkeit\">Nachhaltigkeit<\/a> <a href=\"https:\/\/www.buchingerkuduz.com\/blog\/category\/praxis\/\" \n\t\t\t\t\t\t\taria-label=\"Category Praxis\">Praxis<\/a> <a href=\"https:\/\/www.buchingerkuduz.com\/blog\/category\/strategie\/\" \n\t\t\t\t\t\t\taria-label=\"Category Strategie\">Strategie<\/a>\t\t<\/div>\n\t\t\t\t\t<div class=\"upk-content\">\n\t\t\t\t\t<h3 class=\"upk-title\"><a href=\"https:\/\/www.buchingerkuduz.com\/blog\/aktionstage-fuer-nachhaltigkeit-2023\/\" title=\"Aktionstage f\u00fcr Nachhaltigkeit 2023\" class=\"title-animation-underline\" aria-label=\"Aktionstage f\u00fcr Nachhaltigkeit 2023\">Aktionstage f\u00fcr Nachhaltigkeit 2023<\/a><\/h3>\n\t\t\t\t\t\t\t\t\t\t<div class=\"upk-meta\">\n\t\t\t\t\t\t\t\t\t\t\t\t<div data-separator=\".\">\n\t\t\t\t\t\t\t\t<div class=\"upk-date\">\n\t\t\t30. Mai 2023\t\t<\/div>\n\n\t\t\t\t\t\t\t\t\t<\/div>\n\t\t\t\t\t\t\t\t\t\t\t<\/div>\n\t\t\t\t\t\n\t\t\t\t<\/div>\n\t\t\t<\/div>\n\t\t<\/div>\n\t\t\t\t\t\t\t\t\t\t\t\t<div class=\"upk-item\">\n\t\t\t<div class=\"upk-item-box\">\n\t\t\t\t<div class=\"upk-img-wrap\">\n\t\t\t\t\t<img loading=\"lazy\" decoding=\"async\" width=\"730\" height=\"420\" src=\"https:\/\/www.buchingerkuduz.com\/blog\/wp-content\/uploads\/RestartThinking-Blog_GesternKleber-Wettbewerbsfaehigkeit-aufs-Spiel-setzen.jpg\" class=\"upk-img\" alt=\"#GesternKleber &#8211; Das Alte bewahren\" srcset=\"https:\/\/www.buchingerkuduz.com\/blog\/wp-content\/uploads\/RestartThinking-Blog_GesternKleber-Wettbewerbsfaehigkeit-aufs-Spiel-setzen.jpg 730w, https:\/\/www.buchingerkuduz.com\/blog\/wp-content\/uploads\/RestartThinking-Blog_GesternKleber-Wettbewerbsfaehigkeit-aufs-Spiel-setzen-300x173.jpg 300w, https:\/\/www.buchingerkuduz.com\/blog\/wp-content\/uploads\/RestartThinking-Blog_GesternKleber-Wettbewerbsfaehigkeit-aufs-Spiel-setzen-600x345.jpg 600w\" sizes=\"(max-width: 730px) 100vw, 730px\" \/>\t\t\t\t<\/div>\n\t\t\t\t\t\t<div class=\"upk-category\">\n\t\t\t<a href=\"https:\/\/www.buchingerkuduz.com\/blog\/category\/mobilitaet\/\" \n\t\t\t\t\t\t\taria-label=\"Category Mobilit\u00e4tswende\">Mobilit\u00e4tswende<\/a> <a href=\"https:\/\/www.buchingerkuduz.com\/blog\/category\/strategie\/\" \n\t\t\t\t\t\t\taria-label=\"Category Strategie\">Strategie<\/a>\t\t<\/div>\n\t\t\t\t\t<div class=\"upk-content\">\n\t\t\t\t\t<h3 class=\"upk-title\"><a href=\"https:\/\/www.buchingerkuduz.com\/blog\/gesternkleber-das-alte-bewahren\/\" title=\"#GesternKleber &#8211; Das Alte bewahren\" class=\"title-animation-underline\" aria-label=\"#GesternKleber &#8211; Das Alte bewahren\">#GesternKleber &#8211; Das Alte bewahren<\/a><\/h3>\n\t\t\t\t\t\t\t\t\t\t<div class=\"upk-meta\">\n\t\t\t\t\t\t\t\t\t\t\t\t<div data-separator=\".\">\n\t\t\t\t\t\t\t\t<div class=\"upk-date\">\n\t\t\t29. M\u00e4rz 2023\t\t<\/div>\n\n\t\t\t\t\t\t\t\t\t<\/div>\n\t\t\t\t\t\t\t\t\t\t\t<\/div>\n\t\t\t\t\t\n\t\t\t\t<\/div>\n\t\t\t<\/div>\n\t\t<\/div>\n\t\t\t\t\t\t\t\t\t\t\t\t<div class=\"upk-item\">\n\t\t\t<div class=\"upk-item-box\">\n\t\t\t\t<div class=\"upk-img-wrap\">\n\t\t\t\t\t<img loading=\"lazy\" decoding=\"async\" width=\"730\" height=\"420\" src=\"https:\/\/www.buchingerkuduz.com\/blog\/wp-content\/uploads\/RestartThinking-Blog_World-Energy-Outlook-2022-IEA.jpeg\" class=\"upk-img\" alt=\"World Energy Outlook 2022\" srcset=\"https:\/\/www.buchingerkuduz.com\/blog\/wp-content\/uploads\/RestartThinking-Blog_World-Energy-Outlook-2022-IEA.jpeg 730w, https:\/\/www.buchingerkuduz.com\/blog\/wp-content\/uploads\/RestartThinking-Blog_World-Energy-Outlook-2022-IEA-300x173.jpeg 300w, https:\/\/www.buchingerkuduz.com\/blog\/wp-content\/uploads\/RestartThinking-Blog_World-Energy-Outlook-2022-IEA-600x345.jpeg 600w\" sizes=\"(max-width: 730px) 100vw, 730px\" \/>\t\t\t\t<\/div>\n\t\t\t\t\t\t<div class=\"upk-category\">\n\t\t\t<a href=\"https:\/\/www.buchingerkuduz.com\/blog\/category\/energiewende\/\" \n\t\t\t\t\t\t\taria-label=\"Category Energiewende\">Energiewende<\/a> <a href=\"https:\/\/www.buchingerkuduz.com\/blog\/category\/strategie\/\" \n\t\t\t\t\t\t\taria-label=\"Category Strategie\">Strategie<\/a>\t\t<\/div>\n\t\t\t\t\t<div class=\"upk-content\">\n\t\t\t\t\t<h3 class=\"upk-title\"><a href=\"https:\/\/www.buchingerkuduz.com\/blog\/world-energy-outlook-2022\/\" title=\"World Energy Outlook 2022\" class=\"title-animation-underline\" aria-label=\"World Energy Outlook 2022\">World Energy Outlook 2022<\/a><\/h3>\n\t\t\t\t\t\t\t\t\t\t<div class=\"upk-meta\">\n\t\t\t\t\t\t\t\t\t\t\t\t<div data-separator=\".\">\n\t\t\t\t\t\t\t\t<div class=\"upk-date\">\n\t\t\t29. Dezember 2022\t\t<\/div>\n\n\t\t\t\t\t\t\t\t\t<\/div>\n\t\t\t\t\t\t\t\t\t\t\t<\/div>\n\t\t\t\t\t\n\t\t\t\t<\/div>\n\t\t\t<\/div>\n\t\t<\/div>\n\t\t\t\t\t\t\t\t\t\t\t\t<div class=\"upk-item\">\n\t\t\t<div class=\"upk-item-box\">\n\t\t\t\t<div class=\"upk-img-wrap\">\n\t\t\t\t\t<img loading=\"lazy\" decoding=\"async\" width=\"730\" height=\"420\" src=\"https:\/\/www.buchingerkuduz.com\/blog\/wp-content\/uploads\/RestartThinking-Blog_Harte-Massnahmen-beim-Klimaschutz.jpg\" class=\"upk-img\" alt=\"Harte Ma\u00dfnahmen beim Klimaschutz\u00a0\" srcset=\"https:\/\/www.buchingerkuduz.com\/blog\/wp-content\/uploads\/RestartThinking-Blog_Harte-Massnahmen-beim-Klimaschutz.jpg 730w, https:\/\/www.buchingerkuduz.com\/blog\/wp-content\/uploads\/RestartThinking-Blog_Harte-Massnahmen-beim-Klimaschutz-300x173.jpg 300w, https:\/\/www.buchingerkuduz.com\/blog\/wp-content\/uploads\/RestartThinking-Blog_Harte-Massnahmen-beim-Klimaschutz-600x345.jpg 600w\" sizes=\"(max-width: 730px) 100vw, 730px\" \/>\t\t\t\t<\/div>\n\t\t\t\t\t\t<div class=\"upk-category\">\n\t\t\t<a href=\"https:\/\/www.buchingerkuduz.com\/blog\/category\/strategie\/\" \n\t\t\t\t\t\t\taria-label=\"Category Strategie\">Strategie<\/a>\t\t<\/div>\n\t\t\t\t\t<div class=\"upk-content\">\n\t\t\t\t\t<h3 class=\"upk-title\"><a href=\"https:\/\/www.buchingerkuduz.com\/blog\/harte-massnahmen-beim-klimaschutz\/\" title=\"Harte Ma\u00dfnahmen beim Klimaschutz\u00a0\" class=\"title-animation-underline\" aria-label=\"Harte Ma\u00dfnahmen beim Klimaschutz\u00a0\">Harte Ma\u00dfnahmen beim Klimaschutz\u00a0<\/a><\/h3>\n\t\t\t\t\t\t\t\t\t\t<div class=\"upk-meta\">\n\t\t\t\t\t\t\t\t\t\t\t\t<div data-separator=\".\">\n\t\t\t\t\t\t\t\t<div class=\"upk-date\">\n\t\t\t30. November 2022\t\t<\/div>\n\n\t\t\t\t\t\t\t\t\t<\/div>\n\t\t\t\t\t\t\t\t\t\t\t<\/div>\n\t\t\t\t\t\n\t\t\t\t<\/div>\n\t\t\t<\/div>\n\t\t<\/div>\n\t\t\t\t\t\t\t\t\t\t\t\t<div class=\"upk-item\">\n\t\t\t<div class=\"upk-item-box\">\n\t\t\t\t<div class=\"upk-img-wrap\">\n\t\t\t\t\t<img loading=\"lazy\" decoding=\"async\" width=\"730\" height=\"420\" src=\"https:\/\/www.buchingerkuduz.com\/blog\/wp-content\/uploads\/RestartThinking-Blog_Klimapsychologie-warum-aendern-wir-uns-nicht.jpg\" class=\"upk-img\" alt=\"Klimapsychologie: Warum \u00e4ndern wir uns nicht?\" srcset=\"https:\/\/www.buchingerkuduz.com\/blog\/wp-content\/uploads\/RestartThinking-Blog_Klimapsychologie-warum-aendern-wir-uns-nicht.jpg 730w, https:\/\/www.buchingerkuduz.com\/blog\/wp-content\/uploads\/RestartThinking-Blog_Klimapsychologie-warum-aendern-wir-uns-nicht-300x173.jpg 300w, https:\/\/www.buchingerkuduz.com\/blog\/wp-content\/uploads\/RestartThinking-Blog_Klimapsychologie-warum-aendern-wir-uns-nicht-600x345.jpg 600w\" sizes=\"(max-width: 730px) 100vw, 730px\" \/>\t\t\t\t<\/div>\n\t\t\t\t\t\t<div class=\"upk-category\">\n\t\t\t<a href=\"https:\/\/www.buchingerkuduz.com\/blog\/category\/praxis\/\" \n\t\t\t\t\t\t\taria-label=\"Category Praxis\">Praxis<\/a> <a href=\"https:\/\/www.buchingerkuduz.com\/blog\/category\/strategie\/\" \n\t\t\t\t\t\t\taria-label=\"Category Strategie\">Strategie<\/a>\t\t<\/div>\n\t\t\t\t\t<div class=\"upk-content\">\n\t\t\t\t\t<h3 class=\"upk-title\"><a href=\"https:\/\/www.buchingerkuduz.com\/blog\/klimapsychologie-warum-andern-wir-uns-nicht\/\" title=\"Klimapsychologie: Warum \u00e4ndern wir uns nicht?\" class=\"title-animation-underline\" aria-label=\"Klimapsychologie: Warum \u00e4ndern wir uns nicht?\">Klimapsychologie: Warum \u00e4ndern wir uns nicht?<\/a><\/h3>\n\t\t\t\t\t\t\t\t\t\t<div class=\"upk-meta\">\n\t\t\t\t\t\t\t\t\t\t\t\t<div data-separator=\".\">\n\t\t\t\t\t\t\t\t<div class=\"upk-date\">\n\t\t\t27. Oktober 2022\t\t<\/div>\n\n\t\t\t\t\t\t\t\t\t<\/div>\n\t\t\t\t\t\t\t\t\t\t\t<\/div>\n\t\t\t\t\t\n\t\t\t\t<\/div>\n\t\t\t<\/div>\n\t\t<\/div>\n\t\t\t\t\t\t\t\t\t\t\t\t<div class=\"upk-item\">\n\t\t\t<div class=\"upk-item-box\">\n\t\t\t\t<div class=\"upk-img-wrap\">\n\t\t\t\t\t<img loading=\"lazy\" decoding=\"async\" width=\"730\" height=\"420\" src=\"https:\/\/www.buchingerkuduz.com\/blog\/wp-content\/uploads\/RestartThinking-Blog_Energiesparen-wie-startet-man-am-besten.jpg\" class=\"upk-img\" alt=\"Energiesparen &#8211; wie startet man am besten\" srcset=\"https:\/\/www.buchingerkuduz.com\/blog\/wp-content\/uploads\/RestartThinking-Blog_Energiesparen-wie-startet-man-am-besten.jpg 730w, https:\/\/www.buchingerkuduz.com\/blog\/wp-content\/uploads\/RestartThinking-Blog_Energiesparen-wie-startet-man-am-besten-300x173.jpg 300w, https:\/\/www.buchingerkuduz.com\/blog\/wp-content\/uploads\/RestartThinking-Blog_Energiesparen-wie-startet-man-am-besten-600x345.jpg 600w\" sizes=\"(max-width: 730px) 100vw, 730px\" \/>\t\t\t\t<\/div>\n\t\t\t\t\t\t<div class=\"upk-category\">\n\t\t\t<a href=\"https:\/\/www.buchingerkuduz.com\/blog\/category\/energiewende\/\" \n\t\t\t\t\t\t\taria-label=\"Category Energiewende\">Energiewende<\/a> <a href=\"https:\/\/www.buchingerkuduz.com\/blog\/category\/praxis\/\" \n\t\t\t\t\t\t\taria-label=\"Category Praxis\">Praxis<\/a> <a href=\"https:\/\/www.buchingerkuduz.com\/blog\/category\/strategie\/\" \n\t\t\t\t\t\t\taria-label=\"Category Strategie\">Strategie<\/a>\t\t<\/div>\n\t\t\t\t\t<div class=\"upk-content\">\n\t\t\t\t\t<h3 class=\"upk-title\"><a href=\"https:\/\/www.buchingerkuduz.com\/blog\/energiesparen-wie-startet-man-am-besten\/\" title=\"Energiesparen &#8211; wie startet man am besten\" class=\"title-animation-underline\" aria-label=\"Energiesparen &#8211; wie startet man am besten\">Energiesparen &#8211; wie startet man am besten<\/a><\/h3>\n\t\t\t\t\t\t\t\t\t\t<div class=\"upk-meta\">\n\t\t\t\t\t\t\t\t\t\t\t\t<div data-separator=\".\">\n\t\t\t\t\t\t\t\t<div class=\"upk-date\">\n\t\t\t29. September 2022\t\t<\/div>\n\n\t\t\t\t\t\t\t\t\t<\/div>\n\t\t\t\t\t\t\t\t\t\t\t<\/div>\n\t\t\t\t\t\n\t\t\t\t<\/div>\n\t\t\t<\/div>\n\t\t<\/div>\n\t\t\t\t\t\t\t\t\t\t\t\t<div class=\"upk-item\">\n\t\t\t<div class=\"upk-item-box\">\n\t\t\t\t<div class=\"upk-img-wrap\">\n\t\t\t\t\t<img loading=\"lazy\" decoding=\"async\" width=\"730\" height=\"420\" src=\"https:\/\/www.buchingerkuduz.com\/blog\/wp-content\/uploads\/RestartThinking-Blog_Risiken-erkennen-und-in-Chancen-verwandeln.jpg\" class=\"upk-img\" alt=\"Risiken erkennen und in Chancen verwandeln\" srcset=\"https:\/\/www.buchingerkuduz.com\/blog\/wp-content\/uploads\/RestartThinking-Blog_Risiken-erkennen-und-in-Chancen-verwandeln.jpg 730w, https:\/\/www.buchingerkuduz.com\/blog\/wp-content\/uploads\/RestartThinking-Blog_Risiken-erkennen-und-in-Chancen-verwandeln-300x173.jpg 300w, https:\/\/www.buchingerkuduz.com\/blog\/wp-content\/uploads\/RestartThinking-Blog_Risiken-erkennen-und-in-Chancen-verwandeln-600x345.jpg 600w\" sizes=\"(max-width: 730px) 100vw, 730px\" \/>\t\t\t\t<\/div>\n\t\t\t\t\t\t<div class=\"upk-category\">\n\t\t\t<a href=\"https:\/\/www.buchingerkuduz.com\/blog\/category\/nachhaltigkeit\/\" \n\t\t\t\t\t\t\taria-label=\"Category Nachhaltigkeit\">Nachhaltigkeit<\/a> <a href=\"https:\/\/www.buchingerkuduz.com\/blog\/category\/strategie\/\" \n\t\t\t\t\t\t\taria-label=\"Category Strategie\">Strategie<\/a>\t\t<\/div>\n\t\t\t\t\t<div class=\"upk-content\">\n\t\t\t\t\t<h3 class=\"upk-title\"><a href=\"https:\/\/www.buchingerkuduz.com\/blog\/risiken-erkennen-und-in-chancen-verwandeln\/\" title=\"Risiken erkennen und in Chancen verwandeln\" class=\"title-animation-underline\" aria-label=\"Risiken erkennen und in Chancen verwandeln\">Risiken erkennen und in Chancen verwandeln<\/a><\/h3>\n\t\t\t\t\t\t\t\t\t\t<div class=\"upk-meta\">\n\t\t\t\t\t\t\t\t\t\t\t\t<div data-separator=\".\">\n\t\t\t\t\t\t\t\t<div class=\"upk-date\">\n\t\t\t29. Juni 2022\t\t<\/div>\n\n\t\t\t\t\t\t\t\t\t<\/div>\n\t\t\t\t\t\t\t\t\t\t\t<\/div>\n\t\t\t\t\t\n\t\t\t\t<\/div>\n\t\t\t<\/div>\n\t\t<\/div>\n\t\t\t\t\t\t\t\t\t\t\t\t<div class=\"upk-item\">\n\t\t\t<div class=\"upk-item-box\">\n\t\t\t\t<div class=\"upk-img-wrap\">\n\t\t\t\t\t<img loading=\"lazy\" decoding=\"async\" width=\"730\" height=\"420\" src=\"https:\/\/www.buchingerkuduz.com\/blog\/wp-content\/uploads\/RestartThinking-Blog_Klimarisiken_wie-werden-wir-uns-dem-Risiko-bewusst.jpg\" class=\"upk-img\" alt=\"Klimarisiken: Wie werden wir uns dem Risiko bewusst?\" srcset=\"https:\/\/www.buchingerkuduz.com\/blog\/wp-content\/uploads\/RestartThinking-Blog_Klimarisiken_wie-werden-wir-uns-dem-Risiko-bewusst.jpg 730w, https:\/\/www.buchingerkuduz.com\/blog\/wp-content\/uploads\/RestartThinking-Blog_Klimarisiken_wie-werden-wir-uns-dem-Risiko-bewusst-300x173.jpg 300w, https:\/\/www.buchingerkuduz.com\/blog\/wp-content\/uploads\/RestartThinking-Blog_Klimarisiken_wie-werden-wir-uns-dem-Risiko-bewusst-600x345.jpg 600w\" sizes=\"(max-width: 730px) 100vw, 730px\" \/>\t\t\t\t<\/div>\n\t\t\t\t\t\t<div class=\"upk-category\">\n\t\t\t<a href=\"https:\/\/www.buchingerkuduz.com\/blog\/category\/nachhaltigkeit\/\" \n\t\t\t\t\t\t\taria-label=\"Category Nachhaltigkeit\">Nachhaltigkeit<\/a> <a href=\"https:\/\/www.buchingerkuduz.com\/blog\/category\/strategie\/\" \n\t\t\t\t\t\t\taria-label=\"Category Strategie\">Strategie<\/a>\t\t<\/div>\n\t\t\t\t\t<div class=\"upk-content\">\n\t\t\t\t\t<h3 class=\"upk-title\"><a href=\"https:\/\/www.buchingerkuduz.com\/blog\/klimarisiken-wie-werden-wir-uns-dem-risiko-bewusst\/\" title=\"Klimarisiken: Wie werden wir uns dem Risiko bewusst?\" class=\"title-animation-underline\" aria-label=\"Klimarisiken: Wie werden wir uns dem Risiko bewusst?\">Klimarisiken: Wie werden wir uns dem Risiko bewusst?<\/a><\/h3>\n\t\t\t\t\t\t\t\t\t\t<div class=\"upk-meta\">\n\t\t\t\t\t\t\t\t\t\t\t\t<div data-separator=\".\">\n\t\t\t\t\t\t\t\t<div class=\"upk-date\">\n\t\t\t31. Mai 2022\t\t<\/div>\n\n\t\t\t\t\t\t\t\t\t<\/div>\n\t\t\t\t\t\t\t\t\t\t\t<\/div>\n\t\t\t\t\t\n\t\t\t\t<\/div>\n\t\t\t<\/div>\n\t\t<\/div>\n\t\t\t\t\t\t\t\t\t\t\t\t<div class=\"upk-item\">\n\t\t\t<div class=\"upk-item-box\">\n\t\t\t\t<div class=\"upk-img-wrap\">\n\t\t\t\t\t<img loading=\"lazy\" decoding=\"async\" width=\"730\" height=\"420\" src=\"https:\/\/www.buchingerkuduz.com\/blog\/wp-content\/uploads\/RestartThinking-Blog_Klimaneutralitaet-muss-Chef-innensache-sein.jpg\" class=\"upk-img\" alt=\"Klimaneutralit\u00e4t muss Chef:innensache sein\" srcset=\"https:\/\/www.buchingerkuduz.com\/blog\/wp-content\/uploads\/RestartThinking-Blog_Klimaneutralitaet-muss-Chef-innensache-sein.jpg 730w, https:\/\/www.buchingerkuduz.com\/blog\/wp-content\/uploads\/RestartThinking-Blog_Klimaneutralitaet-muss-Chef-innensache-sein-300x173.jpg 300w, https:\/\/www.buchingerkuduz.com\/blog\/wp-content\/uploads\/RestartThinking-Blog_Klimaneutralitaet-muss-Chef-innensache-sein-600x345.jpg 600w\" sizes=\"(max-width: 730px) 100vw, 730px\" \/>\t\t\t\t<\/div>\n\t\t\t\t\t\t<div class=\"upk-category\">\n\t\t\t<a href=\"https:\/\/www.buchingerkuduz.com\/blog\/category\/nachhaltigkeit\/\" \n\t\t\t\t\t\t\taria-label=\"Category Nachhaltigkeit\">Nachhaltigkeit<\/a> <a href=\"https:\/\/www.buchingerkuduz.com\/blog\/category\/praxis\/\" \n\t\t\t\t\t\t\taria-label=\"Category Praxis\">Praxis<\/a> <a href=\"https:\/\/www.buchingerkuduz.com\/blog\/category\/strategie\/\" \n\t\t\t\t\t\t\taria-label=\"Category Strategie\">Strategie<\/a>\t\t<\/div>\n\t\t\t\t\t<div class=\"upk-content\">\n\t\t\t\t\t<h3 class=\"upk-title\"><a href=\"https:\/\/www.buchingerkuduz.com\/blog\/klimaneutralitaet-muss-chefinnensache-sein\/\" title=\"Klimaneutralit\u00e4t muss Chef:innensache sein\" class=\"title-animation-underline\" aria-label=\"Klimaneutralit\u00e4t muss Chef:innensache sein\">Klimaneutralit\u00e4t muss Chef:innensache sein<\/a><\/h3>\n\t\t\t\t\t\t\t\t\t\t<div class=\"upk-meta\">\n\t\t\t\t\t\t\t\t\t\t\t\t<div data-separator=\".\">\n\t\t\t\t\t\t\t\t<div class=\"upk-date\">\n\t\t\t28. April 2022\t\t<\/div>\n\n\t\t\t\t\t\t\t\t\t<\/div>\n\t\t\t\t\t\t\t\t\t\t\t<\/div>\n\t\t\t\t\t\n\t\t\t\t<\/div>\n\t\t\t<\/div>\n\t\t<\/div>\n\t\t\t\t\t\t\t\t\t\t\t\t<div class=\"upk-item\">\n\t\t\t<div class=\"upk-item-box\">\n\t\t\t\t<div class=\"upk-img-wrap\">\n\t\t\t\t\t<img loading=\"lazy\" decoding=\"async\" width=\"730\" height=\"420\" src=\"https:\/\/www.buchingerkuduz.com\/blog\/wp-content\/uploads\/RestartThinking-Blog_Vorteile-KMU-klimaneutral-Veraenderung.jpg\" class=\"upk-img\" alt=\"Warum sollten auch KMUs klimaneutral werden?\" srcset=\"https:\/\/www.buchingerkuduz.com\/blog\/wp-content\/uploads\/RestartThinking-Blog_Vorteile-KMU-klimaneutral-Veraenderung.jpg 730w, https:\/\/www.buchingerkuduz.com\/blog\/wp-content\/uploads\/RestartThinking-Blog_Vorteile-KMU-klimaneutral-Veraenderung-300x173.jpg 300w, https:\/\/www.buchingerkuduz.com\/blog\/wp-content\/uploads\/RestartThinking-Blog_Vorteile-KMU-klimaneutral-Veraenderung-600x345.jpg 600w\" sizes=\"(max-width: 730px) 100vw, 730px\" \/>\t\t\t\t<\/div>\n\t\t\t\t\t\t<div class=\"upk-category\">\n\t\t\t<a href=\"https:\/\/www.buchingerkuduz.com\/blog\/category\/nachhaltigkeit\/\" \n\t\t\t\t\t\t\taria-label=\"Category Nachhaltigkeit\">Nachhaltigkeit<\/a> <a href=\"https:\/\/www.buchingerkuduz.com\/blog\/category\/strategie\/\" \n\t\t\t\t\t\t\taria-label=\"Category Strategie\">Strategie<\/a>\t\t<\/div>\n\t\t\t\t\t<div class=\"upk-content\">\n\t\t\t\t\t<h3 class=\"upk-title\"><a href=\"https:\/\/www.buchingerkuduz.com\/blog\/warum-sollten-auch-kmus-klimaneutral-werden\/\" title=\"Warum sollten auch KMUs klimaneutral werden?\" class=\"title-animation-underline\" aria-label=\"Warum sollten auch KMUs klimaneutral werden?\">Warum sollten auch KMUs klimaneutral werden?<\/a><\/h3>\n\t\t\t\t\t\t\t\t\t\t<div class=\"upk-meta\">\n\t\t\t\t\t\t\t\t\t\t\t\t<div data-separator=\".\">\n\t\t\t\t\t\t\t\t<div class=\"upk-date\">\n\t\t\t31. M\u00e4rz 2022\t\t<\/div>\n\n\t\t\t\t\t\t\t\t\t<\/div>\n\t\t\t\t\t\t\t\t\t\t\t<\/div>\n\t\t\t\t\t\n\t\t\t\t<\/div>\n\t\t\t<\/div>\n\t\t<\/div>\n\t\t\t\t\t\t\t\t\t\t\t\t<div class=\"upk-item\">\n\t\t\t<div class=\"upk-item-box\">\n\t\t\t\t<div class=\"upk-img-wrap\">\n\t\t\t\t\t<img loading=\"lazy\" decoding=\"async\" width=\"730\" height=\"420\" src=\"https:\/\/www.buchingerkuduz.com\/blog\/wp-content\/uploads\/2022\/03\/RestartThinking-Blog_Wann-wird-die-Carbon-Bubble-platzen.jpg\" class=\"upk-img\" alt=\"Carbon Bubble Crash\" srcset=\"https:\/\/www.buchingerkuduz.com\/blog\/wp-content\/uploads\/2022\/03\/RestartThinking-Blog_Wann-wird-die-Carbon-Bubble-platzen.jpg 730w, https:\/\/www.buchingerkuduz.com\/blog\/wp-content\/uploads\/2022\/03\/RestartThinking-Blog_Wann-wird-die-Carbon-Bubble-platzen-300x173.jpg 300w, https:\/\/www.buchingerkuduz.com\/blog\/wp-content\/uploads\/2022\/03\/RestartThinking-Blog_Wann-wird-die-Carbon-Bubble-platzen-600x345.jpg 600w\" sizes=\"(max-width: 730px) 100vw, 730px\" \/>\t\t\t\t<\/div>\n\t\t\t\t\t\t<div class=\"upk-category\">\n\t\t\t<a href=\"https:\/\/www.buchingerkuduz.com\/blog\/category\/energiewende\/\" \n\t\t\t\t\t\t\taria-label=\"Category Energiewende\">Energiewende<\/a> <a href=\"https:\/\/www.buchingerkuduz.com\/blog\/category\/strategie\/\" \n\t\t\t\t\t\t\taria-label=\"Category Strategie\">Strategie<\/a>\t\t<\/div>\n\t\t\t\t\t<div class=\"upk-content\">\n\t\t\t\t\t<h3 class=\"upk-title\"><a href=\"https:\/\/www.buchingerkuduz.com\/blog\/carbon-bubble-crash\/\" title=\"Carbon Bubble Crash\" class=\"title-animation-underline\" aria-label=\"Carbon Bubble Crash\">Carbon Bubble Crash<\/a><\/h3>\n\t\t\t\t\t\t\t\t\t\t<div class=\"upk-meta\">\n\t\t\t\t\t\t\t\t\t\t\t\t<div data-separator=\".\">\n\t\t\t\t\t\t\t\t<div class=\"upk-date\">\n\t\t\t23. Februar 2022\t\t<\/div>\n\n\t\t\t\t\t\t\t\t\t<\/div>\n\t\t\t\t\t\t\t\t\t\t\t<\/div>\n\t\t\t\t\t\n\t\t\t\t<\/div>\n\t\t\t<\/div>\n\t\t<\/div>\n\t\t\t\t\t\t\t\t\t\t\t\t<div class=\"upk-item\">\n\t\t\t<div class=\"upk-item-box\">\n\t\t\t\t<div class=\"upk-img-wrap\">\n\t\t\t\t\t<img loading=\"lazy\" decoding=\"async\" width=\"730\" height=\"420\" src=\"https:\/\/www.buchingerkuduz.com\/blog\/wp-content\/uploads\/2022\/03\/RestartThinking-Blog_Klimaschutz-durch-Oekosoziale-Steuerreform.jpg\" class=\"upk-img\" alt=\"\u00d6kosoziale Steuerreform und Klimabonus\" srcset=\"https:\/\/www.buchingerkuduz.com\/blog\/wp-content\/uploads\/2022\/03\/RestartThinking-Blog_Klimaschutz-durch-Oekosoziale-Steuerreform.jpg 730w, https:\/\/www.buchingerkuduz.com\/blog\/wp-content\/uploads\/2022\/03\/RestartThinking-Blog_Klimaschutz-durch-Oekosoziale-Steuerreform-300x173.jpg 300w, https:\/\/www.buchingerkuduz.com\/blog\/wp-content\/uploads\/2022\/03\/RestartThinking-Blog_Klimaschutz-durch-Oekosoziale-Steuerreform-600x345.jpg 600w\" sizes=\"(max-width: 730px) 100vw, 730px\" \/>\t\t\t\t<\/div>\n\t\t\t\t\t\t<div class=\"upk-category\">\n\t\t\t<a href=\"https:\/\/www.buchingerkuduz.com\/blog\/category\/mobilitaet\/\" \n\t\t\t\t\t\t\taria-label=\"Category Mobilit\u00e4tswende\">Mobilit\u00e4tswende<\/a> <a href=\"https:\/\/www.buchingerkuduz.com\/blog\/category\/strategie\/\" \n\t\t\t\t\t\t\taria-label=\"Category Strategie\">Strategie<\/a>\t\t<\/div>\n\t\t\t\t\t<div class=\"upk-content\">\n\t\t\t\t\t<h3 class=\"upk-title\"><a href=\"https:\/\/www.buchingerkuduz.com\/blog\/okosoziale-steuerreform-und-klimabonus\/\" title=\"\u00d6kosoziale Steuerreform und Klimabonus\" class=\"title-animation-underline\" aria-label=\"\u00d6kosoziale Steuerreform und Klimabonus\">\u00d6kosoziale Steuerreform und Klimabonus<\/a><\/h3>\n\t\t\t\t\t\t\t\t\t\t<div class=\"upk-meta\">\n\t\t\t\t\t\t\t\t\t\t\t\t<div data-separator=\".\">\n\t\t\t\t\t\t\t\t<div class=\"upk-date\">\n\t\t\t27. Januar 2022\t\t<\/div>\n\n\t\t\t\t\t\t\t\t\t<\/div>\n\t\t\t\t\t\t\t\t\t\t\t<\/div>\n\t\t\t\t\t\n\t\t\t\t<\/div>\n\t\t\t<\/div>\n\t\t<\/div>\n\t\t\t\t\t\t\t\t\t\t\t\t<div class=\"upk-item\">\n\t\t\t<div class=\"upk-item-box\">\n\t\t\t\t<div class=\"upk-img-wrap\">\n\t\t\t\t\t<img loading=\"lazy\" decoding=\"async\" width=\"730\" height=\"420\" src=\"https:\/\/www.buchingerkuduz.com\/blog\/wp-content\/uploads\/2022\/03\/RestartThinking-Blog_Wie-kann-man-Nachhaltigkeit-in-KMU-umsetzen.jpg\" class=\"upk-img\" alt=\"2021 \u2013 ein Jahr f\u00fcr mehr Nachhaltigkeit\" srcset=\"https:\/\/www.buchingerkuduz.com\/blog\/wp-content\/uploads\/2022\/03\/RestartThinking-Blog_Wie-kann-man-Nachhaltigkeit-in-KMU-umsetzen.jpg 730w, https:\/\/www.buchingerkuduz.com\/blog\/wp-content\/uploads\/2022\/03\/RestartThinking-Blog_Wie-kann-man-Nachhaltigkeit-in-KMU-umsetzen-300x173.jpg 300w, https:\/\/www.buchingerkuduz.com\/blog\/wp-content\/uploads\/2022\/03\/RestartThinking-Blog_Wie-kann-man-Nachhaltigkeit-in-KMU-umsetzen-600x345.jpg 600w\" sizes=\"(max-width: 730px) 100vw, 730px\" \/>\t\t\t\t<\/div>\n\t\t\t\t\t\t<div class=\"upk-category\">\n\t\t\t<a href=\"https:\/\/www.buchingerkuduz.com\/blog\/category\/nachhaltigkeit\/\" \n\t\t\t\t\t\t\taria-label=\"Category Nachhaltigkeit\">Nachhaltigkeit<\/a> <a href=\"https:\/\/www.buchingerkuduz.com\/blog\/category\/praxis\/\" \n\t\t\t\t\t\t\taria-label=\"Category Praxis\">Praxis<\/a> <a href=\"https:\/\/www.buchingerkuduz.com\/blog\/category\/strategie\/\" \n\t\t\t\t\t\t\taria-label=\"Category Strategie\">Strategie<\/a>\t\t<\/div>\n\t\t\t\t\t<div class=\"upk-content\">\n\t\t\t\t\t<h3 class=\"upk-title\"><a href=\"https:\/\/www.buchingerkuduz.com\/blog\/2021-ein-jahr-fuer-mehr-nachhaltigkeit\/\" title=\"2021 \u2013 ein Jahr f\u00fcr mehr Nachhaltigkeit\" class=\"title-animation-underline\" aria-label=\"2021 \u2013 ein Jahr f\u00fcr mehr Nachhaltigkeit\">2021 \u2013 ein Jahr f\u00fcr mehr Nachhaltigkeit<\/a><\/h3>\n\t\t\t\t\t\t\t\t\t\t<div class=\"upk-meta\">\n\t\t\t\t\t\t\t\t\t\t\t\t<div data-separator=\".\">\n\t\t\t\t\t\t\t\t<div class=\"upk-date\">\n\t\t\t30. Dezember 2021\t\t<\/div>\n\n\t\t\t\t\t\t\t\t\t<\/div>\n\t\t\t\t\t\t\t\t\t\t\t<\/div>\n\t\t\t\t\t\n\t\t\t\t<\/div>\n\t\t\t<\/div>\n\t\t<\/div>\n\t\t\t\t\t\t\t\t\t\t\t\t<div class=\"upk-item\">\n\t\t\t<div class=\"upk-item-box\">\n\t\t\t\t<div class=\"upk-img-wrap\">\n\t\t\t\t\t<img loading=\"lazy\" decoding=\"async\" width=\"730\" height=\"420\" src=\"https:\/\/www.buchingerkuduz.com\/blog\/wp-content\/uploads\/2021\/10\/RestartThinking-Blog_Auto-first-Mensch-second-Auto-Kritik.jpg\" class=\"upk-img\" alt=\"Auto first, Mensch second: Gerechtfertigte Auto-Kritik?\" srcset=\"https:\/\/www.buchingerkuduz.com\/blog\/wp-content\/uploads\/2021\/10\/RestartThinking-Blog_Auto-first-Mensch-second-Auto-Kritik.jpg 730w, https:\/\/www.buchingerkuduz.com\/blog\/wp-content\/uploads\/2021\/10\/RestartThinking-Blog_Auto-first-Mensch-second-Auto-Kritik-300x173.jpg 300w\" sizes=\"(max-width: 730px) 100vw, 730px\" \/>\t\t\t\t<\/div>\n\t\t\t\t\t\t<div class=\"upk-category\">\n\t\t\t<a href=\"https:\/\/www.buchingerkuduz.com\/blog\/category\/mobilitaet\/\" \n\t\t\t\t\t\t\taria-label=\"Category Mobilit\u00e4tswende\">Mobilit\u00e4tswende<\/a> <a href=\"https:\/\/www.buchingerkuduz.com\/blog\/category\/strategie\/\" \n\t\t\t\t\t\t\taria-label=\"Category Strategie\">Strategie<\/a>\t\t<\/div>\n\t\t\t\t\t<div class=\"upk-content\">\n\t\t\t\t\t<h3 class=\"upk-title\"><a href=\"https:\/\/www.buchingerkuduz.com\/blog\/auto-first-mensch-second-auto-kritik\/\" title=\"Auto first, Mensch second: Gerechtfertigte Auto-Kritik?\" class=\"title-animation-underline\" aria-label=\"Auto first, Mensch second: Gerechtfertigte Auto-Kritik?\">Auto first, Mensch second: Gerechtfertigte Auto-Kritik?<\/a><\/h3>\n\t\t\t\t\t\t\t\t\t\t<div class=\"upk-meta\">\n\t\t\t\t\t\t\t\t\t\t\t\t<div data-separator=\".\">\n\t\t\t\t\t\t\t\t<div class=\"upk-date\">\n\t\t\t30. September 2021\t\t<\/div>\n\n\t\t\t\t\t\t\t\t\t<\/div>\n\t\t\t\t\t\t\t\t\t\t\t<\/div>\n\t\t\t\t\t\n\t\t\t\t<\/div>\n\t\t\t<\/div>\n\t\t<\/div>\n\t\t\t\t\t\t\t\t\t\t\t\t<div class=\"upk-item\">\n\t\t\t<div class=\"upk-item-box\">\n\t\t\t\t<div class=\"upk-img-wrap\">\n\t\t\t\t\t<img loading=\"lazy\" decoding=\"async\" width=\"730\" height=\"420\" src=\"https:\/\/www.buchingerkuduz.com\/blog\/wp-content\/uploads\/2022\/03\/RestartThinking-Blog_Ideen-zur-Veraenderung.jpg\" class=\"upk-img\" alt=\"Auf zu neuen Wegen \u2013 Ideen zur Ver\u00e4nderung\" srcset=\"https:\/\/www.buchingerkuduz.com\/blog\/wp-content\/uploads\/2022\/03\/RestartThinking-Blog_Ideen-zur-Veraenderung.jpg 730w, https:\/\/www.buchingerkuduz.com\/blog\/wp-content\/uploads\/2022\/03\/RestartThinking-Blog_Ideen-zur-Veraenderung-300x173.jpg 300w, https:\/\/www.buchingerkuduz.com\/blog\/wp-content\/uploads\/2022\/03\/RestartThinking-Blog_Ideen-zur-Veraenderung-600x345.jpg 600w\" sizes=\"(max-width: 730px) 100vw, 730px\" \/>\t\t\t\t<\/div>\n\t\t\t\t\t\t<div class=\"upk-category\">\n\t\t\t<a href=\"https:\/\/www.buchingerkuduz.com\/blog\/category\/mobilitaet\/\" \n\t\t\t\t\t\t\taria-label=\"Category Mobilit\u00e4tswende\">Mobilit\u00e4tswende<\/a> <a href=\"https:\/\/www.buchingerkuduz.com\/blog\/category\/strategie\/\" \n\t\t\t\t\t\t\taria-label=\"Category Strategie\">Strategie<\/a>\t\t<\/div>\n\t\t\t\t\t<div class=\"upk-content\">\n\t\t\t\t\t<h3 class=\"upk-title\"><a href=\"https:\/\/www.buchingerkuduz.com\/blog\/auf-zu-neuen-wegen-ideen-zur-veraenderung\/\" title=\"Auf zu neuen Wegen \u2013 Ideen zur Ver\u00e4nderung\" class=\"title-animation-underline\" aria-label=\"Auf zu neuen Wegen \u2013 Ideen zur Ver\u00e4nderung\">Auf zu neuen Wegen \u2013 Ideen zur Ver\u00e4nderung<\/a><\/h3>\n\t\t\t\t\t\t\t\t\t\t<div class=\"upk-meta\">\n\t\t\t\t\t\t\t\t\t\t\t\t<div data-separator=\".\">\n\t\t\t\t\t\t\t\t<div class=\"upk-date\">\n\t\t\t30. September 2020\t\t<\/div>\n\n\t\t\t\t\t\t\t\t\t<\/div>\n\t\t\t\t\t\t\t\t\t\t\t<\/div>\n\t\t\t\t\t\n\t\t\t\t<\/div>\n\t\t\t<\/div>\n\t\t<\/div>\n\t\t\t\t\t\t\t\t\t\t\t\t<div class=\"upk-item\">\n\t\t\t<div class=\"upk-item-box\">\n\t\t\t\t<div class=\"upk-img-wrap\">\n\t\t\t\t\t<img loading=\"lazy\" decoding=\"async\" width=\"730\" height=\"420\" src=\"https:\/\/www.buchingerkuduz.com\/blog\/wp-content\/uploads\/2022\/03\/RestartThinking-Blog_Klimagesetze-Klimaklage.jpg\" class=\"upk-img\" alt=\"Klimagesetze und die Klimaklage\" srcset=\"https:\/\/www.buchingerkuduz.com\/blog\/wp-content\/uploads\/2022\/03\/RestartThinking-Blog_Klimagesetze-Klimaklage.jpg 730w, https:\/\/www.buchingerkuduz.com\/blog\/wp-content\/uploads\/2022\/03\/RestartThinking-Blog_Klimagesetze-Klimaklage-300x173.jpg 300w, https:\/\/www.buchingerkuduz.com\/blog\/wp-content\/uploads\/2022\/03\/RestartThinking-Blog_Klimagesetze-Klimaklage-600x345.jpg 600w\" sizes=\"(max-width: 730px) 100vw, 730px\" \/>\t\t\t\t<\/div>\n\t\t\t\t\t\t<div class=\"upk-category\">\n\t\t\t<a href=\"https:\/\/www.buchingerkuduz.com\/blog\/category\/strategie\/\" \n\t\t\t\t\t\t\taria-label=\"Category Strategie\">Strategie<\/a>\t\t<\/div>\n\t\t\t\t\t<div class=\"upk-content\">\n\t\t\t\t\t<h3 class=\"upk-title\"><a href=\"https:\/\/www.buchingerkuduz.com\/blog\/klimagesetze-und-die-klimaklage\/\" title=\"Klimagesetze und die Klimaklage\" class=\"title-animation-underline\" aria-label=\"Klimagesetze und die Klimaklage\">Klimagesetze und die Klimaklage<\/a><\/h3>\n\t\t\t\t\t\t\t\t\t\t<div class=\"upk-meta\">\n\t\t\t\t\t\t\t\t\t\t\t\t<div data-separator=\".\">\n\t\t\t\t\t\t\t\t<div class=\"upk-date\">\n\t\t\t30. Januar 2020\t\t<\/div>\n\n\t\t\t\t\t\t\t\t\t<\/div>\n\t\t\t\t\t\t\t\t\t\t\t<\/div>\n\t\t\t\t\t\n\t\t\t\t<\/div>\n\t\t\t<\/div>\n\t\t<\/div>\n\t\t\t\t\t\t\t\t\t\t\t\t<div class=\"upk-item\">\n\t\t\t<div class=\"upk-item-box\">\n\t\t\t\t<div class=\"upk-img-wrap\">\n\t\t\t\t\t<img loading=\"lazy\" decoding=\"async\" width=\"730\" height=\"420\" src=\"https:\/\/www.buchingerkuduz.com\/blog\/wp-content\/uploads\/2022\/03\/RestartThinking-Blog_Mobilitaet_Nutzen-statt-Besitzen.jpg\" class=\"upk-img\" alt=\"Mobilit\u00e4t der Zukunft: Nutzen statt Besitzen\" srcset=\"https:\/\/www.buchingerkuduz.com\/blog\/wp-content\/uploads\/2022\/03\/RestartThinking-Blog_Mobilitaet_Nutzen-statt-Besitzen.jpg 730w, https:\/\/www.buchingerkuduz.com\/blog\/wp-content\/uploads\/2022\/03\/RestartThinking-Blog_Mobilitaet_Nutzen-statt-Besitzen-300x173.jpg 300w, https:\/\/www.buchingerkuduz.com\/blog\/wp-content\/uploads\/2022\/03\/RestartThinking-Blog_Mobilitaet_Nutzen-statt-Besitzen-600x345.jpg 600w\" sizes=\"(max-width: 730px) 100vw, 730px\" \/>\t\t\t\t<\/div>\n\t\t\t\t\t\t<div class=\"upk-category\">\n\t\t\t<a href=\"https:\/\/www.buchingerkuduz.com\/blog\/category\/mobilitaet\/\" \n\t\t\t\t\t\t\taria-label=\"Category Mobilit\u00e4tswende\">Mobilit\u00e4tswende<\/a> <a href=\"https:\/\/www.buchingerkuduz.com\/blog\/category\/strategie\/\" \n\t\t\t\t\t\t\taria-label=\"Category Strategie\">Strategie<\/a>\t\t<\/div>\n\t\t\t\t\t<div class=\"upk-content\">\n\t\t\t\t\t<h3 class=\"upk-title\"><a href=\"https:\/\/www.buchingerkuduz.com\/blog\/mobilitaet-der-zukunft-nutzen-statt-besitzen\/\" title=\"Mobilit\u00e4t der Zukunft: Nutzen statt Besitzen\" class=\"title-animation-underline\" aria-label=\"Mobilit\u00e4t der Zukunft: Nutzen statt Besitzen\">Mobilit\u00e4t der Zukunft: Nutzen statt Besitzen<\/a><\/h3>\n\t\t\t\t\t\t\t\t\t\t<div class=\"upk-meta\">\n\t\t\t\t\t\t\t\t\t\t\t\t<div data-separator=\".\">\n\t\t\t\t\t\t\t\t<div class=\"upk-date\">\n\t\t\t30. Juni 2019\t\t<\/div>\n\n\t\t\t\t\t\t\t\t\t<\/div>\n\t\t\t\t\t\t\t\t\t\t\t<\/div>\n\t\t\t\t\t\n\t\t\t\t<\/div>\n\t\t\t<\/div>\n\t\t<\/div>\n\t\t\t\t\t\t\t\t\t\t\t\t<div class=\"upk-item\">\n\t\t\t<div class=\"upk-item-box\">\n\t\t\t\t<div class=\"upk-img-wrap\">\n\t\t\t\t\t<img loading=\"lazy\" decoding=\"async\" width=\"730\" height=\"420\" src=\"https:\/\/www.buchingerkuduz.com\/blog\/wp-content\/uploads\/2022\/03\/RestartThinking-Blog_Persoenliche-Verantwortung-unbequem-aber-noetig.jpg\" class=\"upk-img\" alt=\"Pers\u00f6nliche Verantwortung &#8211; Unbequem aber n\u00f6tig\" srcset=\"https:\/\/www.buchingerkuduz.com\/blog\/wp-content\/uploads\/2022\/03\/RestartThinking-Blog_Persoenliche-Verantwortung-unbequem-aber-noetig.jpg 730w, https:\/\/www.buchingerkuduz.com\/blog\/wp-content\/uploads\/2022\/03\/RestartThinking-Blog_Persoenliche-Verantwortung-unbequem-aber-noetig-300x173.jpg 300w, https:\/\/www.buchingerkuduz.com\/blog\/wp-content\/uploads\/2022\/03\/RestartThinking-Blog_Persoenliche-Verantwortung-unbequem-aber-noetig-600x345.jpg 600w\" sizes=\"(max-width: 730px) 100vw, 730px\" \/>\t\t\t\t<\/div>\n\t\t\t\t\t\t<div class=\"upk-category\">\n\t\t\t<a href=\"https:\/\/www.buchingerkuduz.com\/blog\/category\/nachhaltigkeit\/\" \n\t\t\t\t\t\t\taria-label=\"Category Nachhaltigkeit\">Nachhaltigkeit<\/a> <a href=\"https:\/\/www.buchingerkuduz.com\/blog\/category\/strategie\/\" \n\t\t\t\t\t\t\taria-label=\"Category Strategie\">Strategie<\/a>\t\t<\/div>\n\t\t\t\t\t<div class=\"upk-content\">\n\t\t\t\t\t<h3 class=\"upk-title\"><a href=\"https:\/\/www.buchingerkuduz.com\/blog\/persoenliche-verantwortung\/\" title=\"Pers\u00f6nliche Verantwortung &#8211; Unbequem aber n\u00f6tig\" class=\"title-animation-underline\" aria-label=\"Pers\u00f6nliche Verantwortung &#8211; Unbequem aber n\u00f6tig\">Pers\u00f6nliche Verantwortung &#8211; Unbequem aber n\u00f6tig<\/a><\/h3>\n\t\t\t\t\t\t\t\t\t\t<div class=\"upk-meta\">\n\t\t\t\t\t\t\t\t\t\t\t\t<div data-separator=\".\">\n\t\t\t\t\t\t\t\t<div class=\"upk-date\">\n\t\t\t31. Oktober 2018\t\t<\/div>\n\n\t\t\t\t\t\t\t\t\t<\/div>\n\t\t\t\t\t\t\t\t\t\t\t<\/div>\n\t\t\t\t\t\n\t\t\t\t<\/div>\n\t\t\t<\/div>\n\t\t<\/div>\n\t\t\t\t\t\t\t\t\t\t\t\t<div class=\"upk-item\">\n\t\t\t<div class=\"upk-item-box\">\n\t\t\t\t<div class=\"upk-img-wrap\">\n\t\t\t\t\t<img loading=\"lazy\" decoding=\"async\" width=\"730\" height=\"420\" src=\"https:\/\/www.buchingerkuduz.com\/blog\/wp-content\/uploads\/2022\/03\/RestartThinking-Blog_Strategische-Krisen-als-Vorboten.jpg\" class=\"upk-img\" alt=\"Strategische Krisen als Vorboten\" srcset=\"https:\/\/www.buchingerkuduz.com\/blog\/wp-content\/uploads\/2022\/03\/RestartThinking-Blog_Strategische-Krisen-als-Vorboten.jpg 730w, https:\/\/www.buchingerkuduz.com\/blog\/wp-content\/uploads\/2022\/03\/RestartThinking-Blog_Strategische-Krisen-als-Vorboten-300x173.jpg 300w, https:\/\/www.buchingerkuduz.com\/blog\/wp-content\/uploads\/2022\/03\/RestartThinking-Blog_Strategische-Krisen-als-Vorboten-600x345.jpg 600w\" sizes=\"(max-width: 730px) 100vw, 730px\" \/>\t\t\t\t<\/div>\n\t\t\t\t\t\t<div class=\"upk-category\">\n\t\t\t<a href=\"https:\/\/www.buchingerkuduz.com\/blog\/category\/strategie\/\" \n\t\t\t\t\t\t\taria-label=\"Category Strategie\">Strategie<\/a>\t\t<\/div>\n\t\t\t\t\t<div class=\"upk-content\">\n\t\t\t\t\t<h3 class=\"upk-title\"><a href=\"https:\/\/www.buchingerkuduz.com\/blog\/strategische-krisen-als-vorboten\/\" title=\"Strategische Krisen als Vorboten\" class=\"title-animation-underline\" aria-label=\"Strategische Krisen als Vorboten\">Strategische Krisen als Vorboten<\/a><\/h3>\n\t\t\t\t\t\t\t\t\t\t<div class=\"upk-meta\">\n\t\t\t\t\t\t\t\t\t\t\t\t<div data-separator=\".\">\n\t\t\t\t\t\t\t\t<div class=\"upk-date\">\n\t\t\t29. Juni 2017\t\t<\/div>\n\n\t\t\t\t\t\t\t\t\t<\/div>\n\t\t\t\t\t\t\t\t\t\t\t<\/div>\n\t\t\t\t\t\n\t\t\t\t<\/div>\n\t\t\t<\/div>\n\t\t<\/div>\n\t\t\t\t\t\t\t\t\t\t\t\t<div class=\"upk-item\">\n\t\t\t<div class=\"upk-item-box\">\n\t\t\t\t<div class=\"upk-img-wrap\">\n\t\t\t\t\t<img loading=\"lazy\" decoding=\"async\" width=\"730\" height=\"420\" src=\"https:\/\/www.buchingerkuduz.com\/blog\/wp-content\/uploads\/2022\/03\/RestartThinking-Blog_Wer-steckt-hinter-dem-Blog.jpg\" class=\"upk-img\" alt=\"Wer steckt hinter dem RestartThinking Blog?\" srcset=\"https:\/\/www.buchingerkuduz.com\/blog\/wp-content\/uploads\/2022\/03\/RestartThinking-Blog_Wer-steckt-hinter-dem-Blog.jpg 730w, https:\/\/www.buchingerkuduz.com\/blog\/wp-content\/uploads\/2022\/03\/RestartThinking-Blog_Wer-steckt-hinter-dem-Blog-300x173.jpg 300w, https:\/\/www.buchingerkuduz.com\/blog\/wp-content\/uploads\/2022\/03\/RestartThinking-Blog_Wer-steckt-hinter-dem-Blog-600x345.jpg 600w\" sizes=\"(max-width: 730px) 100vw, 730px\" \/>\t\t\t\t<\/div>\n\t\t\t\t\t\t<div class=\"upk-category\">\n\t\t\t<a href=\"https:\/\/www.buchingerkuduz.com\/blog\/category\/energiewende\/\" \n\t\t\t\t\t\t\taria-label=\"Category Energiewende\">Energiewende<\/a> <a href=\"https:\/\/www.buchingerkuduz.com\/blog\/category\/mobilitaet\/\" \n\t\t\t\t\t\t\taria-label=\"Category Mobilit\u00e4tswende\">Mobilit\u00e4tswende<\/a> <a href=\"https:\/\/www.buchingerkuduz.com\/blog\/category\/nachhaltigkeit\/\" \n\t\t\t\t\t\t\taria-label=\"Category Nachhaltigkeit\">Nachhaltigkeit<\/a> <a href=\"https:\/\/www.buchingerkuduz.com\/blog\/category\/praxis\/\" \n\t\t\t\t\t\t\taria-label=\"Category Praxis\">Praxis<\/a> <a href=\"https:\/\/www.buchingerkuduz.com\/blog\/category\/strategie\/\" \n\t\t\t\t\t\t\taria-label=\"Category Strategie\">Strategie<\/a>\t\t<\/div>\n\t\t\t\t\t<div class=\"upk-content\">\n\t\t\t\t\t<h3 class=\"upk-title\"><a href=\"https:\/\/www.buchingerkuduz.com\/blog\/wer-steckt-hinter-dem-restartthinking-blog\/\" title=\"Wer steckt hinter dem RestartThinking Blog?\" class=\"title-animation-underline\" aria-label=\"Wer steckt hinter dem RestartThinking Blog?\">Wer steckt hinter dem RestartThinking Blog?<\/a><\/h3>\n\t\t\t\t\t\t\t\t\t\t<div class=\"upk-meta\">\n\t\t\t\t\t\t\t\t\t\t\t\t<div data-separator=\".\">\n\t\t\t\t\t\t\t\t<div class=\"upk-date\">\n\t\t\t19. September 2016\t\t<\/div>\n\n\t\t\t\t\t\t\t\t\t<\/div>\n\t\t\t\t\t\t\t\t\t\t\t<\/div>\n\t\t\t\t\t\n\t\t\t\t<\/div>\n\t\t\t<\/div>\n\t\t<\/div>\n\t\t\t\t\t\t\t\t\t\t\t\t<div class=\"upk-item\">\n\t\t\t<div class=\"upk-item-box\">\n\t\t\t\t<div class=\"upk-img-wrap\">\n\t\t\t\t\t<img loading=\"lazy\" decoding=\"async\" width=\"730\" height=\"420\" src=\"https:\/\/www.buchingerkuduz.com\/blog\/wp-content\/uploads\/2022\/03\/RestartThinking-Blog_Erfolgreichster-Blog.jpg\" class=\"upk-img\" alt=\"Erfolgreichster Blogbeitrag\" srcset=\"https:\/\/www.buchingerkuduz.com\/blog\/wp-content\/uploads\/2022\/03\/RestartThinking-Blog_Erfolgreichster-Blog.jpg 730w, https:\/\/www.buchingerkuduz.com\/blog\/wp-content\/uploads\/2022\/03\/RestartThinking-Blog_Erfolgreichster-Blog-300x173.jpg 300w, https:\/\/www.buchingerkuduz.com\/blog\/wp-content\/uploads\/2022\/03\/RestartThinking-Blog_Erfolgreichster-Blog-600x345.jpg 600w\" sizes=\"(max-width: 730px) 100vw, 730px\" \/>\t\t\t\t<\/div>\n\t\t\t\t\t\t<div class=\"upk-category\">\n\t\t\t<a href=\"https:\/\/www.buchingerkuduz.com\/blog\/category\/mobilitaet\/\" \n\t\t\t\t\t\t\taria-label=\"Category Mobilit\u00e4tswende\">Mobilit\u00e4tswende<\/a> <a href=\"https:\/\/www.buchingerkuduz.com\/blog\/category\/strategie\/\" \n\t\t\t\t\t\t\taria-label=\"Category Strategie\">Strategie<\/a>\t\t<\/div>\n\t\t\t\t\t<div class=\"upk-content\">\n\t\t\t\t\t<h3 class=\"upk-title\"><a href=\"https:\/\/www.buchingerkuduz.com\/blog\/erfolgreichster-blogbeitrag\/\" title=\"Erfolgreichster Blogbeitrag\" class=\"title-animation-underline\" aria-label=\"Erfolgreichster Blogbeitrag\">Erfolgreichster Blogbeitrag<\/a><\/h3>\n\t\t\t\t\t\t\t\t\t\t<div class=\"upk-meta\">\n\t\t\t\t\t\t\t\t\t\t\t\t<div data-separator=\".\">\n\t\t\t\t\t\t\t\t<div class=\"upk-date\">\n\t\t\t27. Juli 2016\t\t<\/div>\n\n\t\t\t\t\t\t\t\t\t<\/div>\n\t\t\t\t\t\t\t\t\t\t\t<\/div>\n\t\t\t\t\t\n\t\t\t\t<\/div>\n\t\t\t<\/div>\n\t\t<\/div>\n\t\t\t\t\t\t\t\t\t\t\t\t<div class=\"upk-item\">\n\t\t\t<div class=\"upk-item-box\">\n\t\t\t\t<div class=\"upk-img-wrap\">\n\t\t\t\t\t<img loading=\"lazy\" decoding=\"async\" width=\"730\" height=\"420\" src=\"https:\/\/www.buchingerkuduz.com\/blog\/wp-content\/uploads\/2022\/03\/RestartThinking-Blog_Elektromobilitaet-eine-Gefahr-fuer-Deutschland.jpg\" class=\"upk-img\" alt=\"Elektromobilit\u00e4t: Eine Gefahr f\u00fcr Deutschland?\" srcset=\"https:\/\/www.buchingerkuduz.com\/blog\/wp-content\/uploads\/2022\/03\/RestartThinking-Blog_Elektromobilitaet-eine-Gefahr-fuer-Deutschland.jpg 730w, https:\/\/www.buchingerkuduz.com\/blog\/wp-content\/uploads\/2022\/03\/RestartThinking-Blog_Elektromobilitaet-eine-Gefahr-fuer-Deutschland-300x173.jpg 300w, https:\/\/www.buchingerkuduz.com\/blog\/wp-content\/uploads\/2022\/03\/RestartThinking-Blog_Elektromobilitaet-eine-Gefahr-fuer-Deutschland-600x345.jpg 600w\" sizes=\"(max-width: 730px) 100vw, 730px\" \/>\t\t\t\t<\/div>\n\t\t\t\t\t\t<div class=\"upk-category\">\n\t\t\t<a href=\"https:\/\/www.buchingerkuduz.com\/blog\/category\/mobilitaet\/\" \n\t\t\t\t\t\t\taria-label=\"Category Mobilit\u00e4tswende\">Mobilit\u00e4tswende<\/a> <a href=\"https:\/\/www.buchingerkuduz.com\/blog\/category\/strategie\/\" \n\t\t\t\t\t\t\taria-label=\"Category Strategie\">Strategie<\/a>\t\t<\/div>\n\t\t\t\t\t<div class=\"upk-content\">\n\t\t\t\t\t<h3 class=\"upk-title\"><a href=\"https:\/\/www.buchingerkuduz.com\/blog\/elektromobilitaet-eine-gefahr-fuer-deutschland\/\" title=\"Elektromobilit\u00e4t: Eine Gefahr f\u00fcr Deutschland?\" class=\"title-animation-underline\" aria-label=\"Elektromobilit\u00e4t: Eine Gefahr f\u00fcr Deutschland?\">Elektromobilit\u00e4t: Eine Gefahr f\u00fcr Deutschland?<\/a><\/h3>\n\t\t\t\t\t\t\t\t\t\t<div class=\"upk-meta\">\n\t\t\t\t\t\t\t\t\t\t\t\t<div data-separator=\".\">\n\t\t\t\t\t\t\t\t<div class=\"upk-date\">\n\t\t\t28. Juni 2016\t\t<\/div>\n\n\t\t\t\t\t\t\t\t\t<\/div>\n\t\t\t\t\t\t\t\t\t\t\t<\/div>\n\t\t\t\t\t\n\t\t\t\t<\/div>\n\t\t\t<\/div>\n\t\t<\/div>\n\t\t\t\t\t\t\t\t\t\t\t\t<div class=\"upk-item\">\n\t\t\t<div class=\"upk-item-box\">\n\t\t\t\t<div class=\"upk-img-wrap\">\n\t\t\t\t\t<img loading=\"lazy\" decoding=\"async\" width=\"730\" height=\"420\" src=\"https:\/\/www.buchingerkuduz.com\/blog\/wp-content\/uploads\/2022\/03\/RestartThinking-Blog_Was-uns-bewegt-Mobilitaet-der-Zukunft.jpg\" class=\"upk-img\" alt=\"Was uns bewegt\" srcset=\"https:\/\/www.buchingerkuduz.com\/blog\/wp-content\/uploads\/2022\/03\/RestartThinking-Blog_Was-uns-bewegt-Mobilitaet-der-Zukunft.jpg 730w, https:\/\/www.buchingerkuduz.com\/blog\/wp-content\/uploads\/2022\/03\/RestartThinking-Blog_Was-uns-bewegt-Mobilitaet-der-Zukunft-300x173.jpg 300w, https:\/\/www.buchingerkuduz.com\/blog\/wp-content\/uploads\/2022\/03\/RestartThinking-Blog_Was-uns-bewegt-Mobilitaet-der-Zukunft-600x345.jpg 600w\" sizes=\"(max-width: 730px) 100vw, 730px\" \/>\t\t\t\t<\/div>\n\t\t\t\t\t\t<div class=\"upk-category\">\n\t\t\t<a href=\"https:\/\/www.buchingerkuduz.com\/blog\/category\/energiewende\/\" \n\t\t\t\t\t\t\taria-label=\"Category Energiewende\">Energiewende<\/a> <a href=\"https:\/\/www.buchingerkuduz.com\/blog\/category\/mobilitaet\/\" \n\t\t\t\t\t\t\taria-label=\"Category Mobilit\u00e4tswende\">Mobilit\u00e4tswende<\/a> <a href=\"https:\/\/www.buchingerkuduz.com\/blog\/category\/nachhaltigkeit\/\" \n\t\t\t\t\t\t\taria-label=\"Category Nachhaltigkeit\">Nachhaltigkeit<\/a> <a href=\"https:\/\/www.buchingerkuduz.com\/blog\/category\/praxis\/\" \n\t\t\t\t\t\t\taria-label=\"Category Praxis\">Praxis<\/a> <a href=\"https:\/\/www.buchingerkuduz.com\/blog\/category\/strategie\/\" \n\t\t\t\t\t\t\taria-label=\"Category Strategie\">Strategie<\/a>\t\t<\/div>\n\t\t\t\t\t<div class=\"upk-content\">\n\t\t\t\t\t<h3 class=\"upk-title\"><a href=\"https:\/\/www.buchingerkuduz.com\/blog\/was-uns-bewegt\/\" title=\"Was uns bewegt\" class=\"title-animation-underline\" aria-label=\"Was uns bewegt\">Was uns bewegt<\/a><\/h3>\n\t\t\t\t\t\t\t\t\t\t<div class=\"upk-meta\">\n\t\t\t\t\t\t\t\t\t\t\t\t<div data-separator=\".\">\n\t\t\t\t\t\t\t\t<div class=\"upk-date\">\n\t\t\t15. M\u00e4rz 2016\t\t<\/div>\n\n\t\t\t\t\t\t\t\t\t<\/div>\n\t\t\t\t\t\t\t\t\t\t\t<\/div>\n\t\t\t\t\t\n\t\t\t\t<\/div>\n\t\t\t<\/div>\n\t\t<\/div>\n\t\t\t\t\t\t\t\t<\/div>\n\t\t<\/div>\n\n\t\t\n\t\t\t\t\t<div class=\"ep-pagination\">\n\t\t\t\t\t\t\t<\/div>\n\t\t\t\t<\/div>\n\t\t\t\t<\/div>\n\t\t\t\t\t<\/div>\n\t\t<\/div>\n\t\t\t\t\t<\/div>\n\t\t<\/section>\n\t\t\t\t<section class=\"elementor-section elementor-top-section elementor-element elementor-element-668d467 elementor-section-boxed elementor-section-height-default elementor-section-height-default wpr-particle-no wpr-jarallax-no wpr-parallax-no wpr-sticky-section-no wpr-equal-height-no\" data-id=\"668d467\" data-element_type=\"section\" data-e-type=\"section\">\n\t\t\t\t\t\t<div class=\"elementor-container elementor-column-gap-default\">\n\t\t\t\t\t<div class=\"elementor-column elementor-col-100 elementor-top-column elementor-element elementor-element-d29797d\" data-id=\"d29797d\" data-element_type=\"column\" data-e-type=\"column\">\n\t\t\t<div class=\"elementor-widget-wrap elementor-element-populated\">\n\t\t\t\t\t\t<div class=\"elementor-element elementor-element-a632e39 elementor-widget elementor-widget-heading\" data-id=\"a632e39\" data-element_type=\"widget\" data-e-type=\"widget\" data-widget_type=\"heading.default\">\n\t\t\t\t<div class=\"elementor-widget-container\">\n\t\t\t\t\t<h3 class=\"elementor-heading-title elementor-size-default\">ENERGIEWENDE<\/h3>\t\t\t\t<\/div>\n\t\t\t\t<\/div>\n\t\t\t\t\t<\/div>\n\t\t<\/div>\n\t\t\t\t\t<\/div>\n\t\t<\/section>\n\t\t\t\t<\/div>\n\t\t","protected":false},"excerpt":{"rendered":"<p>#RestartThinking Energiewende Mobilit\u00e4tswende Strategie Praxis \u00dcber uns Kontakt #RestartThinking Energiewende Mobilit\u00e4tswende Strategie Praxis \u00dcber uns Kontakt STRATEGIE Welche Rahmenbedingungen braucht es und was gilt es zu beachten um wirkliche Ver\u00e4nderungen umzusetzen? In dieser Rubrik finden Sie verschiedene Bereiche, die die Strategie beeinflussen und Klima-Transformation erst m\u00f6glich machen. Kommen Sie mit auf Ihren Weg zur Ver\u00e4nderungsf\u00e4higkeit.\u00a0 Strategie Harte Ma\u00dfnahmen beim Klimaschutz\u00a0 30. November 2022 Strategie Klimapsychologie: Warum \u00e4ndern wir uns nicht? 27. Oktober 2022 Energiewende Praxis Strategie Energiesparen &#8211; wie startet man am besten 29. September 2022 Strategie Risiken erkennen und in Chancen verwandeln 29. Juni 2022 Strategie Klimarisiken: Wie werden wir uns dem Risiko bewusst? 31. Mai 2022 Praxis Strategie Klimaneutralit\u00e4t muss Chef:innensache sein 28. April 2022 Strategie Warum sollten auch KMUs klimaneutral werden? 31. M\u00e4rz 2022 Energiewende Strategie Carbon Bubble Crash 23. Februar 2022 Mobilit\u00e4tswende Strategie \u00d6kosoziale Steuerreform und Klimabonus 27. Januar 2022 Praxis Strategie 2021 \u2013 ein Jahr f\u00fcr mehr Nachhaltigkeit 30. Dezember 2021 Mobilit\u00e4tswende Strategie Auto first, Mensch second: Gerechtfertigte Auto-Kritik? 30. September 2021 Strategie Zukunft gestalten &#8211; wie kann das gelingen? 30. Oktober 2020 Mobilit\u00e4tswende Strategie Auf zu neuen Wegen \u2013 Ideen zur Ver\u00e4nderung 30. September 2020 Strategie Klimagesetze und die Klimaklage 30. Januar 2020 Mobilit\u00e4tswende Strategie Mobilit\u00e4t der Zukunft: Nutzen statt Besitzen 30. Juni 2019 Strategie Pers\u00f6nliche Verantwortung &#8211; Unbequem aber n\u00f6tig 31. Oktober 2018 Strategie Strategische Krisen als Vorboten 29. Juni 2017 ENERGIEWENDE<\/p>\n","protected":false},"author":1,"featured_media":2991,"parent":2469,"menu_order":0,"comment_status":"closed","ping_status":"closed","template":"elementor_header_footer","meta":{"neve_meta_sidebar":"","neve_meta_container":"","neve_meta_enable_content_width":"","neve_meta_content_width":0,"neve_meta_title_alignment":"","neve_meta_author_avatar":"","neve_post_elements_order":"","neve_meta_disable_header":"on","neve_meta_disable_footer":"","neve_meta_disable_title":"","footnotes":""},"class_list":["post-3071","page","type-page","status-publish","has-post-thumbnail","hentry"],"yoast_head":"<!-- This site is optimized with the Yoast SEO plugin v26.8 - https:\/\/yoast.com\/product\/yoast-seo-wordpress\/ -->\n<title>Strategie - #RestartThinking<\/title>\n<meta name=\"description\" content=\"Welche Strategie braucht es um Ver\u00e4nderungsf\u00e4higkeit, Klimaneutralit\u00e4t und Nachhaltigkeit in Unternehmen zu entwickeln? #RestartThinking\" \/>\n<meta name=\"robots\" content=\"index, follow, max-snippet:-1, max-image-preview:large, max-video-preview:-1\" \/>\n<link rel=\"canonical\" href=\"https:\/\/www.buchingerkuduz.com\/blog\/restartthinking-blog\/strategie\/\" \/>\n<meta property=\"og:locale\" content=\"de_DE\" \/>\n<meta property=\"og:type\" content=\"article\" \/>\n<meta property=\"og:title\" content=\"Strategie - #RestartThinking\" \/>\n<meta property=\"og:description\" content=\"Welche Strategie braucht es um Ver\u00e4nderungsf\u00e4higkeit, Klimaneutralit\u00e4t und Nachhaltigkeit in Unternehmen zu entwickeln? #RestartThinking\" \/>\n<meta property=\"og:url\" content=\"https:\/\/www.buchingerkuduz.com\/blog\/restartthinking-blog\/strategie\/\" \/>\n<meta property=\"og:site_name\" content=\"#RestartThinking\" \/>\n<meta property=\"article:modified_time\" content=\"2022-12-08T18:24:55+00:00\" \/>\n<meta property=\"og:image\" content=\"https:\/\/www.buchingerkuduz.com\/blog\/wp-content\/uploads\/2022\/03\/RestartThinking_Mobilitaetswende.jpg\" \/>\n\t<meta property=\"og:image:width\" content=\"1000\" \/>\n\t<meta property=\"og:image:height\" content=\"350\" \/>\n\t<meta property=\"og:image:type\" content=\"image\/jpeg\" \/>\n<meta name=\"twitter:card\" content=\"summary_large_image\" \/>\n<meta name=\"twitter:label1\" content=\"Gesch\u00e4tzte Lesezeit\" \/>\n\t<meta name=\"twitter:data1\" content=\"6\u00a0Minuten\" \/>\n<script type=\"application\/ld+json\" class=\"yoast-schema-graph\">{\"@context\":\"https:\/\/schema.org\",\"@graph\":[{\"@type\":\"WebPage\",\"@id\":\"https:\/\/www.buchingerkuduz.com\/blog\/restartthinking-blog\/strategie\/\",\"url\":\"https:\/\/www.buchingerkuduz.com\/blog\/restartthinking-blog\/strategie\/\",\"name\":\"Strategie - #RestartThinking\",\"isPartOf\":{\"@id\":\"https:\/\/www.buchingerkuduz.com\/blog\/#website\"},\"primaryImageOfPage\":{\"@id\":\"https:\/\/www.buchingerkuduz.com\/blog\/restartthinking-blog\/strategie\/#primaryimage\"},\"image\":{\"@id\":\"https:\/\/www.buchingerkuduz.com\/blog\/restartthinking-blog\/strategie\/#primaryimage\"},\"thumbnailUrl\":\"https:\/\/www.buchingerkuduz.com\/blog\/wp-content\/uploads\/2022\/03\/RestartThinking_Mobilitaetswende.jpg\",\"datePublished\":\"2022-03-14T20:24:57+00:00\",\"dateModified\":\"2022-12-08T18:24:55+00:00\",\"description\":\"Welche Strategie braucht es um Ver\u00e4nderungsf\u00e4higkeit, Klimaneutralit\u00e4t und Nachhaltigkeit in Unternehmen zu entwickeln? #RestartThinking\",\"breadcrumb\":{\"@id\":\"https:\/\/www.buchingerkuduz.com\/blog\/restartthinking-blog\/strategie\/#breadcrumb\"},\"inLanguage\":\"de\",\"potentialAction\":[{\"@type\":\"ReadAction\",\"target\":[\"https:\/\/www.buchingerkuduz.com\/blog\/restartthinking-blog\/strategie\/\"]}]},{\"@type\":\"ImageObject\",\"inLanguage\":\"de\",\"@id\":\"https:\/\/www.buchingerkuduz.com\/blog\/restartthinking-blog\/strategie\/#primaryimage\",\"url\":\"https:\/\/www.buchingerkuduz.com\/blog\/wp-content\/uploads\/2022\/03\/RestartThinking_Mobilitaetswende.jpg\",\"contentUrl\":\"https:\/\/www.buchingerkuduz.com\/blog\/wp-content\/uploads\/2022\/03\/RestartThinking_Mobilitaetswende.jpg\",\"width\":1000,\"height\":350,\"caption\":\"Wie kann die Mobilit\u00e4tswende gelingen? Mehr lesen Sie im #RestartThinking Blog.\"},{\"@type\":\"BreadcrumbList\",\"@id\":\"https:\/\/www.buchingerkuduz.com\/blog\/restartthinking-blog\/strategie\/#breadcrumb\",\"itemListElement\":[{\"@type\":\"ListItem\",\"position\":1,\"name\":\"Startseite\",\"item\":\"https:\/\/www.buchingerkuduz.com\/blog\/\"},{\"@type\":\"ListItem\",\"position\":2,\"name\":\"#RestartThinking Blog\",\"item\":\"https:\/\/www.buchingerkuduz.com\/blog\/\"},{\"@type\":\"ListItem\",\"position\":3,\"name\":\"Strategie\"}]},{\"@type\":\"WebSite\",\"@id\":\"https:\/\/www.buchingerkuduz.com\/blog\/#website\",\"url\":\"https:\/\/www.buchingerkuduz.com\/blog\/\",\"name\":\"Restart Thinking\",\"description\":\"Ver\u00e4nderung. Denken. K\u00f6nnen.\",\"publisher\":{\"@id\":\"https:\/\/www.buchingerkuduz.com\/blog\/#organization\"},\"potentialAction\":[{\"@type\":\"SearchAction\",\"target\":{\"@type\":\"EntryPoint\",\"urlTemplate\":\"https:\/\/www.buchingerkuduz.com\/blog\/?s={search_term_string}\"},\"query-input\":{\"@type\":\"PropertyValueSpecification\",\"valueRequired\":true,\"valueName\":\"search_term_string\"}}],\"inLanguage\":\"de\"},{\"@type\":\"Organization\",\"@id\":\"https:\/\/www.buchingerkuduz.com\/blog\/#organization\",\"name\":\"Buchinger|Kuduz Dr. Mario Buchinger\",\"url\":\"https:\/\/www.buchingerkuduz.com\/blog\/\",\"logo\":{\"@type\":\"ImageObject\",\"inLanguage\":\"de\",\"@id\":\"https:\/\/www.buchingerkuduz.com\/blog\/#\/schema\/logo\/image\/\",\"url\":\"https:\/\/www.buchingerkuduz.com\/blog\/wp-content\/uploads\/2022\/03\/Logo_RestartThinking_pict_klein.png\",\"contentUrl\":\"https:\/\/www.buchingerkuduz.com\/blog\/wp-content\/uploads\/2022\/03\/Logo_RestartThinking_pict_klein.png\",\"width\":107,\"height\":80,\"caption\":\"Buchinger|Kuduz Dr. Mario Buchinger\"},\"image\":{\"@id\":\"https:\/\/www.buchingerkuduz.com\/blog\/#\/schema\/logo\/image\/\"},\"sameAs\":[\"https:\/\/www.linkedin.com\/company\/buchinger-kuduz\",\"https:\/\/www.youtube.com\/channel\/UCIm38XbFgUFykYVQXPSpxTw\/feed\"]}]}<\/script>\n<!-- \/ Yoast SEO plugin. -->","yoast_head_json":{"title":"Strategie - #RestartThinking","description":"Welche Strategie braucht es um Ver\u00e4nderungsf\u00e4higkeit, Klimaneutralit\u00e4t und Nachhaltigkeit in Unternehmen zu entwickeln? #RestartThinking","robots":{"index":"index","follow":"follow","max-snippet":"max-snippet:-1","max-image-preview":"max-image-preview:large","max-video-preview":"max-video-preview:-1"},"canonical":"https:\/\/www.buchingerkuduz.com\/blog\/restartthinking-blog\/strategie\/","og_locale":"de_DE","og_type":"article","og_title":"Strategie - #RestartThinking","og_description":"Welche Strategie braucht es um Ver\u00e4nderungsf\u00e4higkeit, Klimaneutralit\u00e4t und Nachhaltigkeit in Unternehmen zu entwickeln? #RestartThinking","og_url":"https:\/\/www.buchingerkuduz.com\/blog\/restartthinking-blog\/strategie\/","og_site_name":"#RestartThinking","article_modified_time":"2022-12-08T18:24:55+00:00","og_image":[{"width":1000,"height":350,"url":"https:\/\/www.buchingerkuduz.com\/blog\/wp-content\/uploads\/2022\/03\/RestartThinking_Mobilitaetswende.jpg","type":"image\/jpeg"}],"twitter_card":"summary_large_image","twitter_misc":{"Gesch\u00e4tzte Lesezeit":"6\u00a0Minuten"},"schema":{"@context":"https:\/\/schema.org","@graph":[{"@type":"WebPage","@id":"https:\/\/www.buchingerkuduz.com\/blog\/restartthinking-blog\/strategie\/","url":"https:\/\/www.buchingerkuduz.com\/blog\/restartthinking-blog\/strategie\/","name":"Strategie - #RestartThinking","isPartOf":{"@id":"https:\/\/www.buchingerkuduz.com\/blog\/#website"},"primaryImageOfPage":{"@id":"https:\/\/www.buchingerkuduz.com\/blog\/restartthinking-blog\/strategie\/#primaryimage"},"image":{"@id":"https:\/\/www.buchingerkuduz.com\/blog\/restartthinking-blog\/strategie\/#primaryimage"},"thumbnailUrl":"https:\/\/www.buchingerkuduz.com\/blog\/wp-content\/uploads\/2022\/03\/RestartThinking_Mobilitaetswende.jpg","datePublished":"2022-03-14T20:24:57+00:00","dateModified":"2022-12-08T18:24:55+00:00","description":"Welche Strategie braucht es um Ver\u00e4nderungsf\u00e4higkeit, Klimaneutralit\u00e4t und Nachhaltigkeit in Unternehmen zu entwickeln? #RestartThinking","breadcrumb":{"@id":"https:\/\/www.buchingerkuduz.com\/blog\/restartthinking-blog\/strategie\/#breadcrumb"},"inLanguage":"de","potentialAction":[{"@type":"ReadAction","target":["https:\/\/www.buchingerkuduz.com\/blog\/restartthinking-blog\/strategie\/"]}]},{"@type":"ImageObject","inLanguage":"de","@id":"https:\/\/www.buchingerkuduz.com\/blog\/restartthinking-blog\/strategie\/#primaryimage","url":"https:\/\/www.buchingerkuduz.com\/blog\/wp-content\/uploads\/2022\/03\/RestartThinking_Mobilitaetswende.jpg","contentUrl":"https:\/\/www.buchingerkuduz.com\/blog\/wp-content\/uploads\/2022\/03\/RestartThinking_Mobilitaetswende.jpg","width":1000,"height":350,"caption":"Wie kann die Mobilit\u00e4tswende gelingen? Mehr lesen Sie im #RestartThinking Blog."},{"@type":"BreadcrumbList","@id":"https:\/\/www.buchingerkuduz.com\/blog\/restartthinking-blog\/strategie\/#breadcrumb","itemListElement":[{"@type":"ListItem","position":1,"name":"Startseite","item":"https:\/\/www.buchingerkuduz.com\/blog\/"},{"@type":"ListItem","position":2,"name":"#RestartThinking Blog","item":"https:\/\/www.buchingerkuduz.com\/blog\/"},{"@type":"ListItem","position":3,"name":"Strategie"}]},{"@type":"WebSite","@id":"https:\/\/www.buchingerkuduz.com\/blog\/#website","url":"https:\/\/www.buchingerkuduz.com\/blog\/","name":"Restart Thinking","description":"Ver\u00e4nderung. Denken. K\u00f6nnen.","publisher":{"@id":"https:\/\/www.buchingerkuduz.com\/blog\/#organization"},"potentialAction":[{"@type":"SearchAction","target":{"@type":"EntryPoint","urlTemplate":"https:\/\/www.buchingerkuduz.com\/blog\/?s={search_term_string}"},"query-input":{"@type":"PropertyValueSpecification","valueRequired":true,"valueName":"search_term_string"}}],"inLanguage":"de"},{"@type":"Organization","@id":"https:\/\/www.buchingerkuduz.com\/blog\/#organization","name":"Buchinger|Kuduz Dr. Mario Buchinger","url":"https:\/\/www.buchingerkuduz.com\/blog\/","logo":{"@type":"ImageObject","inLanguage":"de","@id":"https:\/\/www.buchingerkuduz.com\/blog\/#\/schema\/logo\/image\/","url":"https:\/\/www.buchingerkuduz.com\/blog\/wp-content\/uploads\/2022\/03\/Logo_RestartThinking_pict_klein.png","contentUrl":"https:\/\/www.buchingerkuduz.com\/blog\/wp-content\/uploads\/2022\/03\/Logo_RestartThinking_pict_klein.png","width":107,"height":80,"caption":"Buchinger|Kuduz Dr. Mario Buchinger"},"image":{"@id":"https:\/\/www.buchingerkuduz.com\/blog\/#\/schema\/logo\/image\/"},"sameAs":["https:\/\/www.linkedin.com\/company\/buchinger-kuduz","https:\/\/www.youtube.com\/channel\/UCIm38XbFgUFykYVQXPSpxTw\/feed"]}]}},"_links":{"self":[{"href":"https:\/\/www.buchingerkuduz.com\/blog\/wp-json\/wp\/v2\/pages\/3071","targetHints":{"allow":["GET"]}}],"collection":[{"href":"https:\/\/www.buchingerkuduz.com\/blog\/wp-json\/wp\/v2\/pages"}],"about":[{"href":"https:\/\/www.buchingerkuduz.com\/blog\/wp-json\/wp\/v2\/types\/page"}],"author":[{"embeddable":true,"href":"https:\/\/www.buchingerkuduz.com\/blog\/wp-json\/wp\/v2\/users\/1"}],"replies":[{"embeddable":true,"href":"https:\/\/www.buchingerkuduz.com\/blog\/wp-json\/wp\/v2\/comments?post=3071"}],"version-history":[{"count":6,"href":"https:\/\/www.buchingerkuduz.com\/blog\/wp-json\/wp\/v2\/pages\/3071\/revisions"}],"predecessor-version":[{"id":4187,"href":"https:\/\/www.buchingerkuduz.com\/blog\/wp-json\/wp\/v2\/pages\/3071\/revisions\/4187"}],"up":[{"embeddable":true,"href":"https:\/\/www.buchingerkuduz.com\/blog\/wp-json\/wp\/v2\/pages\/2469"}],"wp:featuredmedia":[{"embeddable":true,"href":"https:\/\/www.buchingerkuduz.com\/blog\/wp-json\/wp\/v2\/media\/2991"}],"wp:attachment":[{"href":"https:\/\/www.buchingerkuduz.com\/blog\/wp-json\/wp\/v2\/media?parent=3071"}],"curies":[{"name":"wp","href":"https:\/\/api.w.org\/{rel}","templated":true}]}}